{"id":943,"date":"2021-05-08T20:22:15","date_gmt":"2021-05-08T18:22:15","guid":{"rendered":"http:\/\/testseite.juhonisch.de\/?page_id=943"},"modified":"2022-08-07T21:32:37","modified_gmt":"2022-08-07T19:32:37","slug":"anthologien","status":"publish","type":"page","link":"https:\/\/www.juhonisch.de\/?page_id=943","title":{"rendered":"Anthologien"},"content":{"rendered":"<p><\/p>\n<div>\n<p>Ju Honisch&#8217;s Kurzgeschichten in diversen Genres und zu diversen Themen sind in den folgenden Anthologien zu finden:<\/p>\n<\/div>\n<div>\n<table width=\"80%\">\n<tbody>\n<tr>\n<td valign=\"top\" width=\"33%\"><a href=\"?page_id=943#phantastikum2\">Das zweite Phantastikum<\/a> (2022)<\/td>\n<td valign=\"top\"><a href=\"?page_id=943#metmagie\">Met-Magie<\/a> (2022)<\/td>\n<\/tr>\n<tr>\n<td valign=\"top\" width=\"33%\"><a href=\"?page_id=943#staubkornfee\">Staubkornfee trifft Ich-Maschine<\/a> (2021)<\/td>\n<td valign=\"top\"><a href=\"?page_id=943#cadvendarium\">Das Cadvendarium<\/a> (2020)<\/td>\n<\/tr>\n<tr>\n<td valign=\"top\" width=\"33%\"><a href=\"?page_id=943#bunten\">Wir sind die Bunten.<\/a>\u00a0 (2020)<\/td>\n<td valign=\"top\"><a href=\"?page_id=943#blutig\">Blutige Welten<\/a> (2020)<\/td>\n<\/tr>\n<tr>\n<td valign=\"top\" width=\"33%\"><a href=\"?page_id=943#hessen\">Fantastisches Deutschland \u2013 Hessen<\/a> (2019)<\/td>\n<td valign=\"top\"><a href=\"?page_id=943#drachenm\u00e4r\">Drachenm\u00e4r<\/a> (2018)<\/td>\n<\/tr>\n<tr>\n<td valign=\"top\" width=\"33%\"><a href=\"?page_id=943#hilfs\">Die Hilfskr\u00e4fte<\/a>\u00a0(2018)<\/td>\n<td valign=\"top\"><a href=\"?page_id=943#bosch\">Bosch&#8217;s Verm\u00e4chtnis<\/a> (2018)<\/td>\n<\/tr>\n<tr>\n<td valign=\"top\"><a href=\"?page_id=943#fuchs\">Von Fuchsgeistern und Wunderlampen<\/a> (2018)<\/td>\n<td valign=\"top\"><a href=\"?page_id=943#farktrek\">FaRK Trek Episode 1<\/a>\u00a0(2017)<\/td>\n<\/tr>\n<tr>\n<td valign=\"top\"><a href=\"?page_id=943#dimension\">Das Dimensionstor<\/a> (2017)<\/td>\n<td valign=\"top\"><a href=\"?page_id=943#gl\u00e4sern\">Der gl\u00e4serne Mensch<\/a> (Elstercon 2016)<\/td>\n<\/tr>\n<tr>\n<td valign=\"top\"><a href=\"?page_id=43#funtastik\">Funtastik<\/a> (2016)<\/td>\n<td valign=\"top\"><a href=\"?page_id=943#exotisch\">Exotische Welten<\/a> (2014)<\/td>\n<\/tr>\n<tr>\n<td valign=\"top\"><a href=\"?page_id=943#maerchen\">Wahre M\u00e4rchen 2<\/a> (2014)<\/td>\n<td valign=\"top\"><a href=\"?page_id=943#crime\">Dark Crime<\/a>\u00a0(2013)<\/td>\n<\/tr>\n<tr>\n<td valign=\"top\" width=\"50%\"><a href=\"?page_id=943#biblio\">Geheimnisvolle Bibliotheken<\/a>\u00a0(2012)<\/td>\n<td valign=\"top\" width=\"50%\"><a href=\"?page_id=943#steam\">Geheimnisvolle Geschichten 2<\/a>\u00a0(2011)<\/td>\n<\/tr>\n<tr>\n<td valign=\"top\" width=\"50%\"><a href=\"?page_id=943#koeche\">Die K\u00f6che<\/a>\u00a0(2010)<\/td>\n<td valign=\"top\" width=\"50%\"><a href=\"?page_id=43#diaet\">B\u00f6se Di\u00e4t-Geschichten<\/a> (2009)<\/td>\n<\/tr>\n<tr>\n<td valign=\"top\" width=\"50%\"><a href=\"?page_id=943#chef\">B\u00f6se Chef-Geschichten<\/a>\u00a0(2008)<\/td>\n<td valign=\"top\" width=\"50%\"><\/td>\n<\/tr>\n<\/tbody>\n<\/table>\n<p>&nbsp;<\/p>\n<table width=\"100%\" align=\"center\">\n<tbody>\n<tr>\n<td><a id=\"phantastikum2\" name=\"phantastikum2\"><\/a><\/p>\n<h3><a href=\"https:\/\/www.juhonisch.de\/wordpress\/wp-content\/uploads\/2022\/08\/daszweitephantastikum.jpg\"><img loading=\"lazy\" decoding=\"async\" class=\"alignleft size-medium wp-image-1423\" src=\"https:\/\/www.juhonisch.de\/wordpress\/wp-content\/uploads\/2022\/08\/daszweitephantastikum-215x300.jpg\" alt=\"\" width=\"215\" height=\"300\" srcset=\"https:\/\/www.juhonisch.de\/wordpress\/wp-content\/uploads\/2022\/08\/daszweitephantastikum-215x300.jpg 215w, https:\/\/www.juhonisch.de\/wordpress\/wp-content\/uploads\/2022\/08\/daszweitephantastikum.jpg 307w\" sizes=\"auto, (max-width: 215px) 100vw, 215px\" \/><\/a>Das zweite Phantastikum \u2013 noch mehr seltsame Erz\u00e4hlungen<\/h3>\n<p><a href=\"https:\/\/www.goodreads.com\/book\/show\/60714986-das-zweite-phantastikum\">Hrsg. Florian Jung<\/a><\/p>\n<p>In diesem zweiten Band reihen sich erneut Storys aus allen phantastischen Genres aneinander. Geschichten von Gespenstern, Vampiren, Parasiten, au\u00dferirdischen Invasoren, einer teuflischen Waschmaschinen, Zeitreisenden, grauenvollen M\u00e4rchengestalten, Geister-Kontrolleuren und noch einiges mehr.<\/p>\n<p>Mit Geschichten von Markus Heitz, Ina Ellbracht, Andreas Gruber, Lina Thiele, Oliver Susami, Ju Honisch, Matthias Oden, Arthur Gordon Wolf, Tariq Nazar, Dominic Zauner, Heike Schrapper, Fred In und Sonja R\u00fcther<\/td>\n<\/tr>\n<\/tbody>\n<\/table>\n<table width=\"100%\" align=\"center\">\n<tbody>\n<tr>\n<td><a id=\"metmagie\" name=\"metmagie\"><\/a><\/p>\n<h3><a href=\"https:\/\/www.juhonisch.de\/wordpress\/wp-content\/uploads\/2022\/08\/metmagie.jpg\"><img loading=\"lazy\" decoding=\"async\" class=\"alignleft size-medium wp-image-1422\" src=\"https:\/\/www.juhonisch.de\/wordpress\/wp-content\/uploads\/2022\/08\/metmagie-189x300.jpg\" alt=\"\" width=\"189\" height=\"300\" srcset=\"https:\/\/www.juhonisch.de\/wordpress\/wp-content\/uploads\/2022\/08\/metmagie-189x300.jpg 189w, https:\/\/www.juhonisch.de\/wordpress\/wp-content\/uploads\/2022\/08\/metmagie.jpg 505w\" sizes=\"auto, (max-width: 189px) 100vw, 189px\" \/><\/a>Met-Magie \u2013 Der Trunk der G\u00f6tter, Barden und Bauern<\/h3>\n<p>Hrsg.: Amandara M. Schulzke und Nadine Muriel<br \/>\n<a href=\"https:\/\/bedey-thoms.de\/products\/met-magie?_pos=1&amp;_sid=cfdee6b0d&amp;_ss=r\">Acabus Verlag<\/a><\/p>\n<p>Heilmittel und Zaubertrank: Schon vor 20.000 Jahren sollen sich Mensch und Tier an der exquisiten K\u00f6stlichkeit Met berauscht haben. Ob in Ritualen, als Bardentrunk, mystische Opfergabe und Teil festlicher Zeremonien: Met ist unverzichtbar.<br \/>\nDie namhaften Autorinnen und Autoren dieser Sammlung lie\u00dfen, wie einst die nordischen Skalden, ihre Phantasie durch Met befl\u00fcgeln. In f\u00fcnfzehn Erz\u00e4hlungen preisen sie den fruchtigen, s\u00fc\u00dfen oder herben G\u00f6ttertrunk in all seinen Varianten. Folgt ihnen \u00fcber die Blaubeerbr\u00fccke, \u00fcber den gro\u00dfen Teich und durch die Zeiten. Seid dabei, wenn Met heilt, Menschen rettet oder hei\u00df umk\u00e4mpft wird, und findet mit ihm die Liebe und die Magie des Augenblicks.<br \/>\nMit Texten von Tommy Krappweis, Sandra Melli alias Iny Lorentz, Ju Honisch, Mira Valentin, Sam Feuerbach und vielen anderen.<\/td>\n<\/tr>\n<\/tbody>\n<\/table>\n<table width=\"100%\" align=\"center\">\n<tbody>\n<tr>\n<td><a id=\"staubkornfee\" name=\"staubkornfee\"><\/a><\/p>\n<h3><a href=\"https:\/\/www.juhonisch.de\/wordpress\/wp-content\/uploads\/2022\/07\/staubkornfee.jpg\"><img loading=\"lazy\" decoding=\"async\" class=\"alignleft size-medium wp-image-1409\" src=\"https:\/\/www.juhonisch.de\/wordpress\/wp-content\/uploads\/2022\/07\/staubkornfee-188x300.jpg\" alt=\"\" width=\"188\" height=\"300\" srcset=\"https:\/\/www.juhonisch.de\/wordpress\/wp-content\/uploads\/2022\/07\/staubkornfee-188x300.jpg 188w, https:\/\/www.juhonisch.de\/wordpress\/wp-content\/uploads\/2022\/07\/staubkornfee.jpg 500w\" sizes=\"auto, (max-width: 188px) 100vw, 188px\" \/><\/a>Staubkornfee trifft Ich-Maschine<\/h3>\n<p>Hrsg.: Sabine Frambach &amp; Kai Focke<br \/>\n<a href=\"https:\/\/www.pmachinery.de\/unsere-bucher\/androsf-die-sf-reihe-des-sfcd\/androsf-band-121-130\/frambach-sabine-focke-kai-hrsg-staubkornfee-trifft-ich-maschine\">Verlag p.machinery<\/a><\/p>\n<p>55 fantastische K\u00fcrzestgeschichten aus der Phantastischen Bibliothek Wetzlar<\/p>\n<p>Kuscheln Roboter mit Teddyb\u00e4ren? Was ist ein Gnurk? Geht unsere Welt wirklich unter? Und wenn ja: warum?<br \/>\nNicht nur diese Fragen beantworten neununddrei\u00dfig Autoren in f\u00fcnfundf\u00fcnfzig fantastischen K\u00fcrzestgeschichten. Ob Science-Fiction, Mystery, Fantasy, Horror oder M\u00e4rchen: Die Anthologie begeistert Einsteiger wie Kenner der Fantastik.<\/p>\n<p>STAUBKORNFEE TRIFFT ICH-MASCHINE ist der Phantastischen Bibliothek Wetzlar und ihrem Gr\u00fcnder Thomas Le Blanc gewidmet. S\u00e4mtliche Erl\u00f6se aus dem Verkauf der Sammlung tragen zum Erhalt dieser wahrhaft fantastischen Institution bei.<\/td>\n<\/tr>\n<\/tbody>\n<\/table>\n<table width=\"100%\" align=\"center\">\n<tbody>\n<tr>\n<td><a id=\"cadvendarium\" name=\"cadvendarium\"><\/a><\/p>\n<h3><img loading=\"lazy\" decoding=\"async\" class=\"alignleft wp-image-1341 size-medium\" src=\"https:\/\/www.juhonisch.de\/wordpress\/wp-content\/uploads\/2022\/07\/das-cadvendarium-196x300.jpg\" alt=\"\" width=\"196\" height=\"300\" srcset=\"https:\/\/www.juhonisch.de\/wordpress\/wp-content\/uploads\/2022\/07\/das-cadvendarium-196x300.jpg 196w, https:\/\/www.juhonisch.de\/wordpress\/wp-content\/uploads\/2022\/07\/das-cadvendarium.jpg 328w\" sizes=\"auto, (max-width: 196px) 100vw, 196px\" \/>Das Cadvendarium &#8211; Neues aus der Wunderkammer<\/h3>\n<p>Hrsg.: Stefan Cernohuby<br \/>\n<a href=\"https:\/\/www.lysandrabooks.de\/produkt\/das-cadvendarium-neues-aus-der-wunderkammer-anthologie\/\">Lysandra Books Verlag<\/a><\/p>\n<p>Bilder halten normalerweise einen Moment fest. Einen Augenblick, eingefroren in der Zeit, unver\u00e4nderlich und f\u00fcr die Ewigkeit. Doch nicht alle Kunstwerke sind so. Manche erz\u00e4hlen Geschichten dadurch, dass sie sich ver\u00e4ndern. Sie enth\u00fcllen ihre Geheimnisse, indem sie immer mehr Verborgenes freigeben. Solche Gem\u00e4lde m\u00fcssen an einem besonderen Ort aufbewahrt werden, denn sie zu erforschen verspricht zwar neue Abenteuer, aber auch unbekannte Gefahren! Sie m\u00f6chten der Spur jener geheimnisvollen Bilder folgen? Willkommen im Cadvendarium!<\/p>\n<p>Mit Erz\u00e4hlungen von Gerd Scherm, Ju Honisch, Markus Cremer, Sarah Stoffers, Louise Bourbon und weiteren AutorInnen.<\/td>\n<\/tr>\n<\/tbody>\n<\/table>\n<table width=\"100%\" align=\"center\">\n<tbody>\n<tr>\n<td><a id=\"bunten\" name=\"bunten\"><\/a><\/p>\n<h3>Wir sind die Bunten.<\/h3>\n<h5><em>Erlebnisse auf dem Festival-Mediaval<\/em><\/h5>\n<h3><img loading=\"lazy\" decoding=\"async\" class=\"alignleft wp-image-1343 size-medium\" src=\"https:\/\/www.juhonisch.de\/wordpress\/wp-content\/uploads\/2022\/07\/die-bunten-208x300.jpg\" alt=\"\" width=\"208\" height=\"300\" srcset=\"https:\/\/www.juhonisch.de\/wordpress\/wp-content\/uploads\/2022\/07\/die-bunten-208x300.jpg 208w, https:\/\/www.juhonisch.de\/wordpress\/wp-content\/uploads\/2022\/07\/die-bunten.jpg 579w\" sizes=\"auto, (max-width: 208px) 100vw, 208px\" \/><\/h3>\n<p>Hrsg.: Amandara M. Schulzke<br \/>\nVerlag: <a href=\"https:\/\/bedey-thoms.de\/products\/wir-bunten-festival-mediaval?_pos=1&amp;_sid=d92098c65&amp;_ss=r\">Acabus<\/a><br \/>\nISBN 978382827633<\/p>\n<p>K\u00e4mpft mit uns gegen die grauen Herren und Aluhuttr\u00e4ger! Haltet die Banner hoch f\u00fcr Jubel, Trubel, Heiterkeit! Auf dass der Goldberg in Selb an jedem zweiten Septemberwochenende erbeben m\u00f6ge! Dudels\u00e4cke, Trommeln, epische Ges\u00e4nge und feiner Harfenklang ert\u00f6nen. Kunterbunt, international und famili\u00e4r lustwandeln tausende Fans und Mitstreiter auf dem gr\u00f6\u00dften europ\u00e4ischen Mittelalterkulturfestival: dem Festival-Mediaval. Unsere Schriftkundigen trafen Zeitreisende, R\u00e4uber, feige Wikinger, Walk\u00fcren, Drachen und D\u00e4monen. Sie erz\u00e4hlen ihre Geschichten vom \u00dcberleben der Phantasie, von der Liebe des Anfangs und des Endes und von allem dazwischen.<\/td>\n<\/tr>\n<\/tbody>\n<\/table>\n<table width=\"100%\" align=\"center\">\n<tbody>\n<tr>\n<td><a id=\"blutig\" name=\"blutig\"><\/a><\/p>\n<h3><img loading=\"lazy\" decoding=\"async\" class=\"alignleft wp-image-1340 size-medium\" src=\"https:\/\/www.juhonisch.de\/wordpress\/wp-content\/uploads\/2022\/07\/blutige-welten-183x300.jpg\" alt=\"\" width=\"183\" height=\"300\" srcset=\"https:\/\/www.juhonisch.de\/wordpress\/wp-content\/uploads\/2022\/07\/blutige-welten-183x300.jpg 183w, https:\/\/www.juhonisch.de\/wordpress\/wp-content\/uploads\/2022\/07\/blutige-welten.jpg 538w\" sizes=\"auto, (max-width: 183px) 100vw, 183px\" \/>Blutige Welten<\/h3>\n<p>Hrsg.: G\u00fcnther Kienle<br \/>\nVerlag: <a href=\"http:\/\/leseratten-verlag.de\/index.php\/anthologien\/blutige-welten\">Leseratten-Verlag<\/a><\/p>\n<p>Markus Heitkamp (Autor), Sarah K\u00f6nig (Autor), Stefan Cernohuby (Autor), Wolfgang Schroeder (Autor), Torsten Scheib (Autor), T.S. Orgel (Autor), Marina Heidrich (Autor), Thomas Williams (Autor), Nele Sickel (Autor), J\u00f6rg Fuchs Alameda (Autor), Ju Honisch (Autor), Vincent Voss (Autor), Holger Much (Illustrator)<\/p>\n<p>Der Band dreht die Genres Fantasy, Science-Fiction und Horror durch den Fleischwolf und schafft ungew\u00f6hnliche Cross-over-Geschichten, bringt die Leserinnen und Leser zum Kopfsch\u00fctteln, zum Schmunzeln und lasst ihnen die Haare zu Berge stehen.<\/td>\n<\/tr>\n<\/tbody>\n<\/table>\n<table width=\"100%\" align=\"center\">\n<tbody>\n<tr>\n<td><a id=\"lostplaces\" name=\"lostplaces\"><\/a><\/p>\n<h3><img loading=\"lazy\" decoding=\"async\" class=\"alignleft wp-image-1349 size-medium\" src=\"https:\/\/www.juhonisch.de\/wordpress\/wp-content\/uploads\/2022\/07\/lostplaces-213x300.jpg\" alt=\"\" width=\"213\" height=\"300\" \/>FaRK-Chronicles: Lost Places<\/h3>\n<p>von Sandra Baumg\u00e4rtner &amp; Stephanie Kempin (Hrsg.)<br \/>\n2019, <a href=\"https:\/\/www.roterdrache.org\/catalog\/Belletristik-Roman-Satire\/FaRK-Chronicles::244.html\">Edition Roter Drache<\/a><br \/>\nISBN 978-3-946425-77-9<br \/>\n258 Seiten<\/p>\n<p>Was lauert in dem lange versunkenen Schiffswrack?<br \/>\nLebt in der alten Villa tats\u00e4chlich keine Menschenseele mehr?<br \/>\nUnd ist man nachts in einer verfallenen Ruine m\u00f6glicherweise doch nicht allein \u2026?<\/p>\n<p>Lost Places sind faszinierend und gespenstisch zugleich. Manch wagemutiger Autor und manch verwegene Autorin dieser Anthologie suchten verlassene Winkel pers\u00f6nlich auf, andere lie\u00dfen wohlweislich nur ihre Fantasie auf Reisen gehen, um hinter verfallene Fassaden zu schauen. Sie alle fanden Orte, Menschen oder auch Dinge, die wahrhaftig verloren gingen.<br \/>\nOb vor der eigenen Haust\u00fcr, am anderen Ende der Welt oder in fremden Universen: Die FaRK-Chronicles schicken die Lesenden auf gef\u00e4hrliche Expeditionen und offenbaren die wahren Mysterien der Lost Places.<\/p>\n<p>Mit Geschichten von: Mara Volkers, Bernd Perplies, Tommy Krappweis, Heike Schrapper, Carsten Steenbergen, Diana Kinne, Anja Bagus, Sandra Baumg\u00e4rtner, Alessandra Re\u00df, Martin Ulmer, Fabienne Siegmund, Dennis Frey, Isa Theobald, Stephanie Kempin, Sonja R\u00fcther, Ju Honisch, Christian von Aster, Jens Gehres und einem Vorwort von Kai Meyer.<\/p>\n<p>Bestellbar bei <a href=\"https:\/\/www.roterdrache.org\/catalog\/Belletristik-Roman-Satire\/FaRK-Chronicles::244.html\">Edition Roter Drache<\/a><\/td>\n<\/tr>\n<\/tbody>\n<\/table>\n<table width=\"100%\" align=\"center\">\n<tbody>\n<tr>\n<td><a id=\"hessen\" name=\"hessen\"><\/a><\/p>\n<h3><img loading=\"lazy\" decoding=\"async\" class=\"alignleft wp-image-1348 size-medium\" src=\"https:\/\/www.juhonisch.de\/wordpress\/wp-content\/uploads\/2022\/07\/fantastisches-deutschland-hessen-188x300.jpg\" alt=\"\" width=\"188\" height=\"300\" srcset=\"https:\/\/www.juhonisch.de\/wordpress\/wp-content\/uploads\/2022\/07\/fantastisches-deutschland-hessen-188x300.jpg 188w, https:\/\/www.juhonisch.de\/wordpress\/wp-content\/uploads\/2022\/07\/fantastisches-deutschland-hessen.jpg 294w\" sizes=\"auto, (max-width: 188px) 100vw, 188px\" \/>Fantastisches Deutschland &#8211; Hessen<\/h3>\n<p>von Vanessa Kaiser, Thomas Karg und Thomas Lohwasser (Hrsg.)<br \/>\n2019, Ulrich Burger Verlag<br \/>\nISBN: 978-3-943378-43-6<\/p>\n<p>Hessen \u2013 ein Bundesland, in dem M\u00e4rchen und Phantastik gleicherma\u00dfen zuhause sind. Die Gebr\u00fcder Grimm sind uns vorausgegangen in dem Bem\u00fchen, spannende und erbauliche Geschichten zu schreiben. Dieser Band zeigt, dass das M\u00e4rchenhafte immer noch in uns lebt.<br \/>\nF\u00fcnf Geschichten von f\u00fcnf Autoren und Autorinnen: sie alle spielen in Hessen und spiegeln die wechselvolle Geschichte des Bundeslandes wider. Da sind die R\u00f6mer, die im Steinernen Meer im Odenwald etwas Unerh\u00f6rtes schaffen wollen. Da ist der begabte Sch\u00fcler eines hessischen Gymnasiums, dessen Aufmerksamkeit nicht so sehr dem Unterricht, sondern vielmehr einem geheimnisvollen Zeichen gilt. Da ist der junge, dynamische Frankfurter B\u00f6rsenmakler, dessen Schwester v\u00f6llig unwirtschaftliche Projekte plant. Da ist der Arbeitslose, dem ein ungeladener Gast in die Wohnung kommt, und da ist die G\u00f6ttin der Ubier, deren Einfluss sich durch die Zeiten fortsetzt.<br \/>\nGeschichte ist immer auch Geschichten. Durch fast 2000 Jahre f\u00fchren die Abenteuer dieses Buches von damals bis heute, Gedankenkonstrukte die die hessische Wirklichkeit mit dem Unwirklichen, dem \u00dcbernat\u00fcrlichen zu verweben wissen. M\u00e4rchen sind nie aus dem Nichts entstanden. Irgendwann hat sie jemand erdacht. M\u00e4rchenerz\u00e4hler, Barden, Troubadoure \u2013 auch der Berufsstand ist alt. Wir, die Autorinnen und Autoren der Phantastik, sind einer uralten Tradition verpflichtet.<\/p>\n<p>Mit Geschichten von: Ju Honisch, Torsten Scheib, Tatjana St\u00f6ckler, Markus Kastenholz und Astrid Rauner<\/td>\n<\/tr>\n<\/tbody>\n<\/table>\n<table width=\"100%\" align=\"center\">\n<tbody>\n<tr>\n<td><a id=\"drachenm\u00e4r\" name=\"drachenm\u00e4r\"><\/a><\/p>\n<h3><img loading=\"lazy\" decoding=\"async\" class=\"alignleft wp-image-1344 size-medium\" src=\"https:\/\/www.juhonisch.de\/wordpress\/wp-content\/uploads\/2022\/07\/drachenmaer-225x300.jpg\" alt=\"\" width=\"225\" height=\"300\" srcset=\"https:\/\/www.juhonisch.de\/wordpress\/wp-content\/uploads\/2022\/07\/drachenmaer-225x300.jpg 225w, https:\/\/www.juhonisch.de\/wordpress\/wp-content\/uploads\/2022\/07\/drachenmaer-768x1024.jpg 768w, https:\/\/www.juhonisch.de\/wordpress\/wp-content\/uploads\/2022\/07\/drachenmaer-1152x1536.jpg 1152w, https:\/\/www.juhonisch.de\/wordpress\/wp-content\/uploads\/2022\/07\/drachenmaer-1536x2048.jpg 1536w, https:\/\/www.juhonisch.de\/wordpress\/wp-content\/uploads\/2022\/07\/drachenmaer-1140x1520.jpg 1140w, https:\/\/www.juhonisch.de\/wordpress\/wp-content\/uploads\/2022\/07\/drachenmaer-scaled.jpg 1920w\" sizes=\"auto, (max-width: 225px) 100vw, 225px\" \/>Drachenm\u00e4r<\/h3>\n<p>Die Anthologie aus dem Drachenzirkel<\/p>\n<p>Hrsg: Domink Schmeller, 2018<\/p>\n<p>Drachenkriege, glitzernde Horte und kalter Verrat- die Drachen des Zirkels sammlen sich in d\u00fcsteren Kavernen und erz\u00e4hlen von ihrer grausamen Herrschaft.<br \/>\nAnthologie mit Drachengeschichten aus der Feder der Autoren und Autorinnen, die im M\u00fcnchner Drachenzirkel Lesungen abhielten.<\/td>\n<\/tr>\n<\/tbody>\n<\/table>\n<table width=\"100%\" align=\"center\">\n<tbody>\n<tr>\n<td><a id=\"hilfs\" name=\"hilfs\"><\/a><\/p>\n<h3><img loading=\"lazy\" decoding=\"async\" class=\"alignleft wp-image-565 size-medium\" src=\"https:\/\/www.juhonisch.de\/wordpress\/wp-content\/uploads\/2018\/04\/hilfskr\u00e4fte-cover-203x300.jpg\" alt=\"\" width=\"203\" height=\"300\" srcset=\"https:\/\/www.juhonisch.de\/wordpress\/wp-content\/uploads\/2018\/04\/hilfskr\u00e4fte-cover-203x300.jpg 203w, https:\/\/www.juhonisch.de\/wordpress\/wp-content\/uploads\/2018\/04\/hilfskr\u00e4fte-cover-600x888.jpg 600w, https:\/\/www.juhonisch.de\/wordpress\/wp-content\/uploads\/2018\/04\/hilfskr\u00e4fte-cover-768x1137.jpg 768w, https:\/\/www.juhonisch.de\/wordpress\/wp-content\/uploads\/2018\/04\/hilfskr\u00e4fte-cover-692x1024.jpg 692w, https:\/\/www.juhonisch.de\/wordpress\/wp-content\/uploads\/2018\/04\/hilfskr\u00e4fte-cover.jpg 878w\" sizes=\"auto, (max-width: 203px) 100vw, 203px\" \/>Die Hilfskr\u00e4fte<\/h3>\n<p>von T.S. Orgel \/ A.S. Bottlinger \/ Stefan Cernohuby (HG)<br \/>\n2018, Amrun Verlag<br \/>\nISBN 978-978-95869-354-8<br \/>\n298 Seiten, broschiert<\/p>\n<p>Der Dungeon: uralt, mit gewaltigen Ausma\u00dfen und von unz\u00e4hligen Kreaturen bev\u00f6lkert.<br \/>\nWer herrscht \u00fcber Dungeons? Ihre Besitzer oder Besetzer?<br \/>\nNein, die wahren Herren des Dungeons sind jene, die ihn am Laufen halten. Die das vergossene Blut aufwischen, die Knochen der Skelette sortieren, die Fallen reparieren und die Monster f\u00fcttern.<br \/>\nDieses Buch erz\u00e4hlt ihre Geschichten.<br \/>\nLernt sie kennen: Die Hilfskr\u00e4fte \u2013 Die wahren Herrn des Dungeons!<\/p>\n<p>Mit Geschichten von Christian von Aster, Stephan R. Bellem, Andrea Bottlinger. Stefan Cernohuby, Robin Gates, Christian G\u00fcnther, Ju Honisch, Tom Orgel, Stephan Orgel, Bernd Perplies, Susanne Pavlovic, Rebekka Pax, Carsten Steenbergen, Melanie Vogltanz, Christian Vogt, Judith Vogt<\/td>\n<\/tr>\n<\/tbody>\n<\/table>\n<table width=\"100%\" align=\"center\">\n<tbody>\n<tr>\n<td><a id=\"bosch\" name=\"bosch\"><\/a><\/p>\n<h3><img loading=\"lazy\" decoding=\"async\" class=\"alignleft wp-image-567 size-medium\" src=\"https:\/\/www.juhonisch.de\/wordpress\/wp-content\/uploads\/2018\/04\/boschs-Verm\u00e4chtnis-Cover-186x300.jpg\" alt=\"\" width=\"186\" height=\"300\" \/>Boschs Verm\u00e4chtnis &#8211; Geschichten aus dem Garten der L\u00fcste<\/h3>\n<p>von Christian von Aster (HG)<br \/>\n2018, Edition Roter Drache<br \/>\nISBN 978-978-946425-40-3<br \/>\n440 Seiten, gebundene Ausgabe<\/p>\n<p>Der Garten der L\u00fcste.<br \/>\nEines der mysteri\u00f6sesten Bilder der Kunstgeschichte.<br \/>\nDunkel, sonderbar und geheimnisvoll.<br \/>\nIm Rahmen dieser Sammlung wagen 32 Autoren zwischen Phantastik und Historie das zu bergen, was Meister Bosch wom\u00f6glich in seinem Tryptichon verborgen hat: Geschichen zwischen Schrecken und Wahrheit, Glaube und Ketzerei, die vom 15. Jahrhundert bis in die heutige Zeit reichen und dabei so verschieden sind wie das Paradies und H\u00f6lle. 32 Interpretationen abgr\u00fcndiger Kreaturen und Symbole. Geschichten, die den Leser staunen, schaudern, vielleicht gar schmunzeln, aber gewiss nicht gleichg\u00fcltig lassen.<\/p>\n<p>Mit Geschichten von Christoph Marzi , Dirk Bernemann, Luci van Org, Christian von Aster, Germaine Paulus, Ju Honisch, Sonja R\u00fcther, Isa Theobald, Tom Daut, Carsten Steenbergen, Norman Liebold, Michael Marrak, Astrid Mosler, David Gray, Boris Koch, Hagen Tronje Gr\u00fctzmacher, Michael Hess, Alex Jahnke, Vera Wehberg, Anja Bagus, Juliane Uhl, Michael Schwe\u00dfinger, Silke Lindenberger, Robin Gates, Sascha Leidinger, Mario Steinmetz, Christian Krumm, Daniel Ilger, Axel Hildebrand, Sandra Baumg\u00e4rtner, Diana Kinne und Sascha Dinse.<\/p>\n<p>Bestellbar bei <a href=\"https:\/\/www.roterdrache.org\/catalog\/Belletristik-Roman-Satire\/Boschs-Vermaechtnis::207.html\">Edition Roter Drache<\/a><\/td>\n<\/tr>\n<\/tbody>\n<\/table>\n<table width=\"100%\" align=\"center\">\n<tbody>\n<tr>\n<td><a id=\"fuchs\" name=\"fuchs\"><\/a><\/p>\n<h3><img loading=\"lazy\" decoding=\"async\" class=\"alignleft wp-image-1342 size-medium\" src=\"https:\/\/www.juhonisch.de\/wordpress\/wp-content\/uploads\/2022\/07\/von-fuchsgeistern-211x300.jpg\" alt=\"\" width=\"211\" height=\"300\" srcset=\"https:\/\/www.juhonisch.de\/wordpress\/wp-content\/uploads\/2022\/07\/von-fuchsgeistern-211x300.jpg 211w, https:\/\/www.juhonisch.de\/wordpress\/wp-content\/uploads\/2022\/07\/von-fuchsgeistern.jpg 352w\" sizes=\"auto, (max-width: 211px) 100vw, 211px\" \/>Von Fuchsgeistern und Wunderlampen<\/h3>\n<p>Eine m\u00e4rchenhafte Anthologie<br \/>\nHrsg.: Christian Handel<br \/>\nDrachenmond Verlag<\/p>\n<p>Autoren:\u00a0 Ava Reed, Laura Labas, Julianna Grohe, Britta Strauss, Jenny Benkau, Holly Black, Trudi Canavan, Nina Blazon, Akram El-Bahay, Corinna G\u00f6tte, Brigitte Melzer, Ju Honisch, Boris Koch, Krystyna Kuhn, Janna Ruth, Carsten Steenbergen, Christian Handel<\/p>\n<p>Drei W\u00fcnsche erf\u00fcllt ein Dschinn. Drei Pr\u00fcfungen m\u00fcssen Helden in M\u00e4rchen bestehen. Zum dritten Mal laden wir euch ein in das magische Reich der Hexen und Lampengeister.<\/p>\n<p>Durch klirrendkalte Wintern\u00e4chte wirbeln Schneefrauen, auf Sommerweiden treiben Windsbr\u00e4ute ihr gef\u00e4hrliches Spiel und tief unter dem Meeresspiegel verbergen sich ganze K\u00f6nigreiche.<\/p>\n<p>Taucht ein in schillernde Welten voller Wunder und magischer Gefahren.<\/td>\n<\/tr>\n<\/tbody>\n<\/table>\n<table width=\"100%\" align=\"center\">\n<tbody>\n<tr>\n<td><a id=\"farktrek\" name=\"farktrek\"><\/a><\/p>\n<h3><img loading=\"lazy\" decoding=\"async\" class=\"alignleft wp-image-566 size-medium\" src=\"https:\/\/www.juhonisch.de\/wordpress\/wp-content\/uploads\/2018\/04\/farktrek-cover-202x300.jpg\" alt=\"\" width=\"202\" height=\"300\" \/>FaRK Trek Episode I &#8211;\u00a0 Das Erwachen der Legenden<\/h3>\n<p>von Benjamin Kiehn \/ Stephanie Kempin \/ Sandra Baumg\u00e4rtner (HG)<br \/>\n2017, Papierverzierer Verlag<br \/>\nISBN 978-3-958962-017-8<br \/>\n335 Seiten, gebundene Ausgabe<\/p>\n<p>Sommer 2017 \u2013 ein Meteor zieht \u00fcber den Nachthimmel und zerbricht in unz\u00e4hlige Splitter. Diese Splitter verteilen sich \u00fcber ganz Deutschland und setzen eine ganze Kette von Ereignissen in Gang. Verschwunden geglaubte Wesen aus Sagen und Legenden erwachen aus langem Schlaf, kehren zur\u00fcck ans Tageslicht oder tauchen pl\u00f6tzlich an den verschiedensten Orten auf. Lange haben sich diese Wesen vor den Menschen verborgen, doch die Meteoriten-Splitter locken sie aus ihren Verstecken. Zudem versp\u00fcrt jedes Wesen, das mit einem dieser Splitter in Ber\u00fchrung kommt, den unwiderstehlichen Ruf, dem es folgen muss, ob es will oder nicht.<br \/>\nW\u00e4hrenddessen sind am Erlebnisort Reden im Saarland die Vorbereitungen f\u00fcr die FaRK in vollem Gange. Dass wenige Wochen vor der FaRK ein gro\u00dfer Gesteinsbrocken aus dem All auf dem Gel\u00e4nde niedergeht, sorgt bereits f\u00fcr viel Aufregung. Doch niemand ahnt, dass dieser Gesteinsbrocken zahlreiche Fabelwesen und Sagengestalten zur FaRK lockt, alle mit einem Splitter des Meteors im Gep\u00e4ck und jedes einzelne mit seinem ganz eigenen Grund f\u00fcr die Reise.<br \/>\n22 Phantastik-Autoren beschreiben die Reise von Loreley und Wolpertinger, R\u00fcbezahl, Nachtmahr, Basilisk und vielen weiteren Gestalten der Sagenwelt. Sei dabei, wenn Legenden erwachen und zum ersten Mal seit Ewigkeiten auf Menschen treffen. Finde heraus, ob all die phantastischen Wesen am Ende das finden, wonach sie gesucht haben.<\/td>\n<\/tr>\n<\/tbody>\n<\/table>\n<table width=\"100%\" align=\"center\">\n<tbody>\n<tr>\n<td><a id=\"dimension\" name=\"dimension\"><\/a><\/p>\n<h3><img loading=\"lazy\" decoding=\"async\" class=\"alignleft wp-image-563 size-medium\" src=\"https:\/\/www.juhonisch.de\/wordpress\/wp-content\/uploads\/2018\/04\/dimensionstor_cover-200x300.jpg\" alt=\"\" width=\"200\" height=\"300\" srcset=\"https:\/\/www.juhonisch.de\/wordpress\/wp-content\/uploads\/2018\/04\/dimensionstor_cover-200x300.jpg 200w, https:\/\/www.juhonisch.de\/wordpress\/wp-content\/uploads\/2018\/04\/dimensionstor_cover-600x900.jpg 600w, https:\/\/www.juhonisch.de\/wordpress\/wp-content\/uploads\/2018\/04\/dimensionstor_cover-682x1024.jpg 682w, https:\/\/www.juhonisch.de\/wordpress\/wp-content\/uploads\/2018\/04\/dimensionstor_cover.jpg 733w\" sizes=\"auto, (max-width: 200px) 100vw, 200px\" \/>Das Dimensionstor<\/h3>\n<p>von Nadine Muriel \/ Stefan Cernohuby (HG)<br \/>\n2017, Amrun Verlag<br \/>\nISBN 978-978-95869-559-7<br \/>\n290 Seiten, broschiert<\/p>\n<p>Dem Wissenschaftler Prof. Dr. Groll gelingt es, von der \u00d6ffentlichkeit unbemerkt in seiner heimischen Garage ein Ger\u00e4t zu bauen,welches ein Dimensionsportal \u00f6ffnet. Fasziniert ergreift Max Groll einen Gegenstand nach dem anderen und schickt ihn durch das Tor, das zu fernen Orten,in andere Zeiten und sogar in phantastische fremde Welten f\u00fchrt \u2026<\/p>\n<p>18 Autoren\u2013 darunter Gerd Scherm, Ju Honisch, T.S.Orgel und Vincent Voss \u2013 erz\u00e4hlen in skurrilen, abenteuerlichen und aberwitzigen Geschichten, was diese Dinge in der jeweiligen Parallelwelt ausl\u00f6sen: Als g\u00f6ttliches Artefakt verehrt, als Ausl\u00f6ser von Katastrophen gef\u00fcrchtet oder als Retter in gro\u00dfer Not willkommen \u2026 Der Leser darf gespannt sein, welche Bedeutung unscheinbare Gegenst\u00e4nde aus unserem Alltag in anderen Welten erlangen.<\/p>\n<p>Mit spannenden Kurzgeschichten von Gerd Scherm, T. S. Orgel, Vincent Voss, Ju Honisch, Melanie Vogltanz, Robert Friedrich von Cube, Manuela P. Forst, Thomas Heidemann, Brigitta Gronau, Marion Jaggi, G\u00fcnther Kienle, Navina Kleemann, Al Rey, Nicola Sadelkow, Juliane Schiesel, G\u00fcnther Wirtz. Herausgegeben von Nadine Muriel und Stefan Cernohuby.<\/td>\n<\/tr>\n<\/tbody>\n<\/table>\n<table width=\"100%\" align=\"center\">\n<tbody>\n<tr>\n<td><a id=\"gl\u00e4sern\" name=\"gl\u00e4sern\"><\/a><\/p>\n<h3><img loading=\"lazy\" decoding=\"async\" class=\"alignleft wp-image-1345\" src=\"https:\/\/www.juhonisch.de\/wordpress\/wp-content\/uploads\/2022\/07\/der-glaeserne-mensch-207x300.jpg\" alt=\"\" width=\"180\" height=\"261\" \/>Der gl\u00e4serne Mensch<\/h3>\n<p>Die Anthologie zum ElsterCon 2016<br \/>\nHrsg: <a href=\"https:\/\/www.fksfl.de\/page70\/index.html\">Freundeskreis Science Fiction Leipzig e.V.<\/a><\/p>\n<p>Geschichten \u00fcber ein immer komplexer werdende Gesellschaft, in der Menschen Entscheidungen zunehmend an Maschinen \u00fcbertragen. In diesem Buch finden sich ein paar Gedanken zu den Folgen.<\/td>\n<\/tr>\n<\/tbody>\n<\/table>\n<p>&nbsp;<\/p>\n<table width=\"100%\" align=\"center\">\n<tbody>\n<tr>\n<td><a id=\"funtastik\" name=\"funtastik\"><\/a><\/p>\n<h3><img loading=\"lazy\" decoding=\"async\" class=\"alignleft wp-image-441 size-medium\" src=\"https:\/\/www.juhonisch.de\/wordpress\/wp-content\/uploads\/2016\/09\/funtastik-cover-189x300.jpg\" alt=\"\" width=\"189\" height=\"300\" \/>Funtastik: Funtastische Kurzgeschichten<\/h3>\n<p>von Marc Hamacher (Hrsg.)<br \/>\n2016, <a href=\"http:\/\/leseratten-verlag.de\/index.php\/anthologien\/funtastik\">Leseratten Verlag<\/a><br \/>\nAuflage: 1 (20. Juni 2016)<br \/>\n360 Seiten, Kindle Edition<\/p>\n<p>Fantasy ist oft sehr ernst. Warum eigentlich? Es geht auch anders. \u2022 Ist eine unwahrscheinliche Wahrscheinlichkeit schlimmer als eine wahrscheinliche Unwahrscheinlichkeit? \u2022 Was passiert, wenn sich das Motiv eines Gem\u00e4ldes selbstst\u00e4ndig macht? \u2022 Kann man den Kampf gegen einen Drachen delegieren? \u2022 Kann eine gesetzestreue Invasion eines Planeten gelingen? \u2022 Was passiert nach einer katastrophal falschen Lagerung von Eiern? \u2022 Und sind gute Abenteuer planbar? Vielleicht werden Sie Teile der Antworten verunsichern, mit Sicherheit aber belustigen. Dass Fantasy und SF nicht nur ernst sein m\u00fcssen, das zeigen die Autoren in diesem skurrilen, krankhaft aberwitzigen Buch. Mit Geschichten von: Ju Honisch, Michael Edelbrock, Lea Baumgart, Ren\u00e9e Engel, Marie Braun, Thomas Heidemann, J\u00fcrgen H\u00f6reth, Alisha Pilenko, Christian Reul, Patricia Rieger, Frank Sawielijew, Corinna Schattauer, Martina Schiller-Rall, Christina Wuttke<\/p>\n<p>Bestellbar bei: <a href=\"http:\/\/www.amazon.de\/gp\/product\/B01GCXCD6C\/ref=as_li_tl?ie=UTF8&amp;camp=1638&amp;creative=6742&amp;creativeASIN=B01GCXCD6C&amp;linkCode=as2&amp;tag=juhoniautodic-21\">Amazon.de<\/a>!<\/td>\n<\/tr>\n<\/tbody>\n<\/table>\n<table width=\"100%\" align=\"center\">\n<tbody>\n<tr>\n<td><a id=\"exotisch\" name=\"exotisch\"><\/a><\/p>\n<h3><img loading=\"lazy\" decoding=\"async\" class=\"alignleft wp-image-164 size-full\" src=\"https:\/\/www.juhonisch.de\/wordpress\/wp-content\/uploads\/2016\/01\/welten.jpg\" alt=\"\" width=\"178\" height=\"251\" \/>Exotische Welten<\/h3>\n<p>2014, O&#8217;Connell Press<br \/>\nE-Book Kurzgeschichtensammlung (ePUB)<\/p>\n<p>Millionen Planeten allein in unserer Milchstra\u00dfe, phantastische Imperien und unglaubliche Reiche im Multiversum. Mit dieser Kurzgeschichtensammlung ger\u00e4t unsere Vorstellungskraft nicht nur an unsere Grenzen, sondern weit dar\u00fcber hinaus. 25 deutsche Top-Autoren der Phantastik zeigen, dass SF, Fantasy und Horror nicht aus \u00dcbersee kommen m\u00fcssen. Ju ist vertreten mit der Geschichte &#8222;Im Bilde&#8220;. Mit Geschichten von: Alice Andres, Anja Bagus, Stefanie Bender, Torsten Exter, Ulf Fildebrandt, Sabine Frambach, Dennis Frey, Doris F\u00fcrk-Hochradl, Susanne Haberland, Carolin Hafen, Stefan Holzhauer, Ju Honisch, Sven I. H\u00fcsken, Marion Jaggi, J&amp;oouml;rg Karweick, Karsten Kruschel, Bernar LeSton, Sean O&#8217;Connell, Susanne O&#8217;Connell, Gertrud Prager, Stefanie Schuhen, Joachim Sohn, Carsten Steenbergen, Andrea Tillmanns, Vincent Voss.<\/p>\n<p>Bestellbar bei: <a href=\"http:\/\/oconnellpress.de\/?products=exotische-welten\" target=\"top\" rel=\"noopener noreferrer\">O&#8217;Connell Press<\/a> oder bei: <a href=\"http:\/\/www.amazon.de\/gp\/product\/B00JU6OXLW\/ref=as_li_tf_tl?ie=UTF8&amp;camp=1638&amp;creative=6742&amp;creativeASIN=B00JU6OXLW&amp;linkCode=as2&amp;tag=juhoniautodic-21\">Amazon.de<\/a>!<\/td>\n<\/tr>\n<\/tbody>\n<\/table>\n<table width=\"100%\" align=\"center\">\n<tbody>\n<tr>\n<td><a id=\"maerchen\" name=\"maerchen\"><\/a><\/p>\n<h3><img loading=\"lazy\" decoding=\"async\" class=\"alignleft wp-image-163 size-medium\" src=\"https:\/\/www.juhonisch.de\/wordpress\/wp-content\/uploads\/2016\/01\/maerchen-227x300.jpg\" alt=\"\" width=\"227\" height=\"300\" \/>Wahre M\u00e4rchen 2 (von Annie Bertram)<\/h3>\n<p>2014, Feder &amp; Schwert Verlag<br \/>\nISBN 978-3867622141,<br \/>\nJuni 2014, 1. Auflage<br \/>\n128 Seiten, broschiert<\/p>\n<p>Dies ist ein Fotoband der dunklen Romantik, in dem zu dem stimmungsvollen Bildern Annie Bertrams Neuinterpretationen klassischer M\u00e4rchen geschrieben wurden. F\u00fcr dieses au\u00dfergew\u00f6hnliche Projekt konnten unter anderem Deutschlands erfolgreichster Fantasy-Autor, Markus Heitz, der Meister des dunklen Humors, Christian von Aster, sowie die Gewinnerin des Literaturpreises SERAPH 2014, Ju Honisch, gewonnen werden. Julia Becker, Oliver Graute, Diana Kinne, Lea Melcher, Iris Meyer, Bj\u00f6rn Springorum, Isa Theobald und Rona Walter komplettieren das Autorenteam. Wahre M\u00e4rchen 2 erinnert an die jahrtausendealte Tradition des Geschichtenerz\u00e4hlens und ruft uns ins Ged\u00e4chtnis, dass M\u00e4rchen uns auch heute leiten und unterst\u00fctzen k\u00f6nnen und keineswegs nur etwas sind, womit man kleine Kinder erschreckt. Mit ihrem Blick f\u00fcr das Besondere r\u00fcckt Annie Bertram die M\u00e4rchenstoffe in ein neues Licht, das oft erst auf den zweiten Blick Abgr\u00fcnde enth\u00fcllt oder einfach vertr\u00e4umt, emotional und schlicht fantastisch ist. Von Ju Honisch ist die Geschichte &#8222;Aschenputtel&#8220; enthalten.<\/p>\n<p>Bestellbar bei: <a href=\"http:\/\/shop.feder-und-schwert.com\/index.php\/das-besondere-buch\/wahre-maerchen.html\" target=\"top\" rel=\"noopener noreferrer\">Feder &amp; Schwert Verlag<\/a> oder bei: <a href=\"http:\/\/www.amazon.de\/gp\/product\/3867622140\/ref=as_li_tf_tl?ie=UTF8&amp;camp=1638&amp;creative=6742&amp;creativeASIN=3867622140&amp;linkCode=as2&amp;tag=juhoniautodic-21\">Amazon.de<\/a>!<\/td>\n<\/tr>\n<\/tbody>\n<\/table>\n<table width=\"100%\" align=\"center\">\n<tbody>\n<tr>\n<td><a id=\"crime\" name=\"crime\"><\/a><\/p>\n<h3><img loading=\"lazy\" decoding=\"async\" class=\"alignleft wp-image-162 size-medium\" src=\"https:\/\/www.juhonisch.de\/wordpress\/wp-content\/uploads\/2016\/01\/darkcrime-212x300.jpg\" alt=\"\" width=\"212\" height=\"300\" srcset=\"https:\/\/www.juhonisch.de\/wordpress\/wp-content\/uploads\/2016\/01\/darkcrime-212x300.jpg 212w, https:\/\/www.juhonisch.de\/wordpress\/wp-content\/uploads\/2016\/01\/darkcrime.jpg 595w\" sizes=\"auto, (max-width: 212px) 100vw, 212px\" \/>Dark Crime &#8211; Die Geisterspiegel-Anthologie<\/h3>\n<p>2013, Geisterspiegel, Romantruhe<br \/>\nISBN 978-3864730689,<br \/>\nM\u00e4rz 2013<br \/>\n236 Seiten, Paperback<\/p>\n<p>Haben Sie je dar\u00fcber nachgedacht, warum es so viele Kriminalf\u00e4lle gibt, die ungel\u00f6st in den Akten verschwinden? Wir haben es getan und mehrere Autoren beauftragt, diesen F\u00e4llen nachzugehen und mit phantastischen Mitteln zu l\u00f6sen. Herausgekommen ist eine Anthologie, die abwechslungsreicher nicht sein kann. Liebe Leser &#8211; lassen Sie sich \u00fcberraschen, wozu die Phantastik in der Kriminalistik f\u00e4hig ist. In der vierten Anthologie sind folgende Autoren vertreten: Michael Kirchschlager mit Die Pechlarve, Torsten Scheib mit Fiasko, Ju Honisch mit Nicht tot, Erik Schreiber mit Lass keine fremden M\u00e4nner ins Haus, Cailleach O&#8217;Shea mit Raserei, Andrea Tillmanns mit Ein todsicheres Alibi, Sascha Vennemann mit Poteen, J\u00f6rg Olbrich mit Morde in Vineta, Stephan Russb\u00fclt mit Zieh!, Andreas Zwengel mit Volles Rohr<\/p>\n<p>Bestellbar bei: <a href=\"http:\/\/www.romantruhe.de\" target=\"top\" rel=\"noopener noreferrer\">Romantruhe.de<\/a> !<\/td>\n<\/tr>\n<\/tbody>\n<\/table>\n<table width=\"100%\" align=\"center\">\n<tbody>\n<tr>\n<td><a id=\"biblio\" name=\"biblio\"><\/a><\/p>\n<h3><img loading=\"lazy\" decoding=\"async\" class=\"alignleft wp-image-161 size-medium\" src=\"https:\/\/www.juhonisch.de\/wordpress\/wp-content\/uploads\/2016\/01\/biblio-titel-201x300.jpg\" alt=\"\" width=\"201\" height=\"300\" \/>Geheimnisvolle Bibliotheken<\/h3>\n<p>2012, Verlag Torsten Low<br \/>\nISBN 978-3940036155,<br \/>\nAugust 2012, 1. Auflage<br \/>\n401 Seiten, broschiert<\/p>\n<p>Bibliotheken sind Orte voller Geheimnisse. Sie enthalten Wissen, Sch\u00e4tze, Reicht\u00fcmer . und manchmal ist das alles ein und dasselbe. Bibliotheken beherbergen wandelnde Tr\u00e4ume, verschlossene M\u00e4rchen, geheimnisvolle Kreaturen, die sich zwischen den Regalen verstecken und verborgene Welten hinter jedem B\u00fccherdeckel. Der Geruch von altem Papier und Staub weht wie ein ruheloser Geist durch die dunklen R\u00e4ume und in der Luft liegt das leise Wispern von tausenden Gedanken und Ideen. Wie ein Labyrinth breiten sich kilometerlange G\u00e4nge vor einem aus und in jeder Ecke wartet ein Geheimnis, dass einem den Atem rauben kann. Mit Geschichten von Christian von Aster, Ju Honisch, Fabienne Siegmund und vielen anderen. Mit Comics von Stefanie Hammes, Irene Bressel und Gabriel deVue. Inhalt: Ohne Worte (Comic) &#8211; Stefanie Hammes Im Anfang war das Wort &#8211; Christian Damerow Wissen ist Macht &#8211; Gregor Eder Der Bibliothekar &#8211; Karsten Klein-Ihrler Das besondere Buch &#8211; Thomas Lohwasser undVanessa Kaiser Ein Schatz von unermesslichem Wert &#8211; Susanne Haberland Sch\u00f6ne Aussicht &#8211; Ju Honisch Das Herz des Theaters &#8211; Fabienne Siegmund Der 31 . September &#8211; Bettina Ferbus Staub der Ewigkeit &#8211; Rainer Baumg\u00e4rtel Maledictus &#8211; Isa Theobald B\u00fccher des Lebens &#8211; Karin Jacob Von Staubquasten und Engerlingsschn\u00fcfflern &#8211; Serena Hirano Schreiend (Comic) &#8211; Irene Bressel Allein zwischen Regalen &#8211; Andrea Spille Elly &#8211; Jan-Christoph Pr\u00fcfer Die Bibliothek des Drachen &#8211; Christian Endres Der Bibliothekar &#8211; Charlotte Erpenbeck Die \u00e4lteste Schrift &#8211; Daniel Schenkel Zwei Kisten Weisheit &#8211; Christian von Aster Das letzte Pergament &#8211; Paul Sanker Frater Anselm &#8211; Benjamin Nemeth Die Bibliothek von B\u00e4rbel &#8211; Olaf Lahayne Die siebte Bibliothek &#8211; Cornelia R\u00f6ser Bestandserhaltung &#8211; Carolin Gmyrek Schweigend (Comic) &#8211; Gabriel deVue<\/p>\n<p>Bestellbar bei: <a href=\"http:\/\/verlag-torsten-low.nr1-shop.net\/?go=detail&amp;ai=6702&amp;ps=3232&amp;subid=3237\" target=\"top\" rel=\"noopener noreferrer\">Verlag Torsten Low<\/a> oder bei: <a href=\"http:\/\/www.amazon.de\/gp\/product\/3940036153\/ref=as_li_tf_tl?ie=UTF8&amp;camp=1638&amp;creative=6742&amp;creativeASIN=3940036153&amp;linkCode=as2&amp;tag=juhoniautodic-21\">Amazon.de<\/a>!<\/td>\n<\/tr>\n<\/tbody>\n<\/table>\n<table width=\"100%\" align=\"center\">\n<tbody>\n<tr>\n<td><a id=\"steam\" name=\"steam\"><\/a><\/p>\n<h3><img loading=\"lazy\" decoding=\"async\" class=\"alignleft wp-image-166 size-medium\" src=\"https:\/\/www.juhonisch.de\/wordpress\/wp-content\/uploads\/2016\/01\/saphir_klein-176x300.jpg\" alt=\"\" width=\"176\" height=\"300\" \/>Geheimnisvolle Geschichten 2 &#8211; Steampunk<\/h3>\n<p>2011, Saphir im Stahl Verlag Erik Schreiber<br \/>\nISBN 978-3-9873823-3-4<br \/>\nHardcover, 208 Seiten<\/p>\n<p>Darin enthalten: Ju Honisch &#8222;Innovationen&#8220; Weitere Geschichten: James Lovegrove: Steampunch, Georg Plettenberg: Vazlav Mihalik korrumpiert und bestochen; Michael Buttler: Die Gelegenheit seines Lebens; Andreas Zwengel: Volldampf; Petra Joerns: Zeitlos; J\u00f6rg Olbrich: Die Dampfkanone; Holger Kuhn: Fortschritt; Maximilian Weigl: Tullas Traum; Max Pechmann: \u00c4rger mit Mimi; Hermann Ritter: Im Schatten des Pulverturms; Anke Brandt: Salbeiduft; Barbara Nitribitt: Im neuen Jahr wird alles anders; Erik Schreiber: Mit einem L\u00e4cheln.<\/p>\n<p>Bestellbar bei: <a href=\"http:\/\/www.saphir-im-stahl.de\/php\/index.php\" target=\"top\" rel=\"noopener noreferrer\">Saphir im Stahl Verlag<\/a> oder bei: <a href=\"http:\/\/www.amazon.de\/gp\/product\/3981382331\/ref=as_li_tf_tl?ie=UTF8&amp;tag=juhoniautodic-21&amp;linkCode=as2&amp;camp=1638&amp;creative=6742&amp;creativeASIN=3981382331\">Amazon.de<\/a>!<\/td>\n<\/tr>\n<\/tbody>\n<\/table>\n<table width=\"100%\" align=\"center\">\n<tbody>\n<tr>\n<td><a id=\"k\u00f6che\" name=\"k\u00f6che\"><\/a><\/p>\n<h3><img loading=\"lazy\" decoding=\"async\" class=\"alignleft wp-image-170 size-medium\" src=\"https:\/\/www.juhonisch.de\/wordpress\/wp-content\/uploads\/2016\/01\/diekoeche_gross-212x300.jpg\" alt=\"\" width=\"212\" height=\"300\" \/>Die K\u00f6che &#8211; Biss zum Mittagessen<\/h3>\n<p>2010, Ulrich Burger Verlag<br \/>\nISBN 978-3981284645<br \/>\nDezember 2010, 1. Auflage<br \/>\nTaschenbuch, 150 Seiten<\/p>\n<p>Man nehme die einzigartigen Rezepte der besten Fantasy-Autoren Deutschlands, verfeinere sie mit unvergleichlichen Illustrationen und gebe alles in ein Buch. Heraus kommt eine au\u00dfergew\u00f6hnliche Fantasy-Anthologie, die Sie so bestimmt noch nie gesehen haben. Dieses Buch ist gespickt mit Rezepten &#8211; aber auch der ein oder anderen Kurzgeschichte &#8211; Ihrer Lieblingsautoren. Lassen Sie sich diese Kreation auf der Zunge zergehen, tauchen Sie ein die fantasievolle Welt der K\u00fcche und zaubern Sie Ihr eigenes Festmahl. Denn Fantasie geh\u00f6rt nicht nur in ein Buch sondern auch in Ihren Kochtopf! Mit Rezepten von: Markus Heitz; Tommy Krappweis; Oliver Plaschka; Christoph Marzi; Christoph Hardebusch; Michael Peinkofer; Gesa Schwartz; Thomas Finn; Stephan R. Bellem; Stephan Russb\u00fclt; Daniela Knor; Aileen P. Robert; Mona &amp; Carsten Steenbergen; Christoph Lode; Lena Klassen; Tanya Carpenter; Andr\u00e9 Wiesler; Timothy McNeal; Diana Kinne; Fabienne Siegmund; Markus Grimm; Lena Falkenhagen; Thomas Plischke und Ju Honisch Von jedem verkauften Buch gehen 0,50 \u20ac an die Stiftung &#8222;KIDS-TO-LIFE&#8220;.<\/p>\n<p>Bestellbar bei: <a href=\"http:\/\/www.amazon.de\/gp\/product\/398128464X?ie=UTF8&amp;tag=juhoniautodic-21&amp;linkCode=as2&amp;camp=1638&amp;creative=6742&amp;creativeASIN=398128464X\">Amazon.de<\/a>!<\/td>\n<\/tr>\n<\/tbody>\n<\/table>\n<table width=\"100%\" align=\"center\">\n<tbody>\n<tr>\n<td><a id=\"chef\" name=\"chef\"><\/a><\/p>\n<h3><img loading=\"lazy\" decoding=\"async\" class=\"alignleft wp-image-168 size-medium\" src=\"https:\/\/www.juhonisch.de\/wordpress\/wp-content\/uploads\/2016\/01\/Arschsessel-titel-188x300.jpg\" alt=\"\" width=\"188\" height=\"300\" \/>Der Arsch auf dem Sessel<\/h3>\n<p>von Margit Sch\u00f6nberger (HG)<br \/>\n2008, Diana TB Verlag<br \/>\nISBN 978-3-453352-36-0<br \/>\nJanuar 2008, 1. Auflage<br \/>\nbroschiert, 352 Seiten<\/p>\n<p>Sind die so doof, oder tun sie nur so? Sie fahren gro\u00dfe Autos, tragen teure Klamotten, sind meistens in Meetings und den Rest der Zeit genervt: Chefs. Ob Mann oder Frau, sobald sie was zu sagen haben, mutieren sie zu Befehlsgebern, die nichts mehr auf die Reihe kriegen. Kaffee holen, kopieren, eine Telefonnummer selbst w\u00e4hlen &#8211; die einfachsten Dinge des Lebens \u00fcberfordern sie. Und w\u00e4hrend andere die Arbeit machen, schmusen sie mit ihren Blackberrys. Zeit, dass sie gest\u00f6rt werden: mit diesen Geschichten kommt die Wahrheit \u00fcber Vorgesetzte ans Licht. B\u00e4rbel Sch\u00e4fer, Hera Lind, Evelyn Holst, Ju Honisch u.v.a. machen ihrem \u00c4rger \u00fcberaus unterhaltsam und geistreich Luft. 15 bisher unver\u00f6ffentlichte Geschichten von erfolgreichen deutschen Autorinnen als Originalausgabe. Ein wunderbares Geschenkbuch f\u00fcr alle, die ihre Chefs zum Teufel w\u00fcnschen. Meine Geschichte <strong>&#8222;90 &#8211; 60 &#8211; 90&#8220; <\/strong> findet sich unter vielen weiteren von folgenden Autorinnen: <strong>Ju Honisch<\/strong>, Maria Serrano, Hera Lind, Christine Gr\u00e4n, Susanne Luerweg, Sama al Haschasch, Daniela Pietrek, Jutta Kessler, Susanne Arndt, Ann Berg, Sabine Reichel, Edda Minck, Katja Maybach, Evelyn Holst, Renate Fabel, B\u00e4rbel Sch\u00e4fer, Jana Voosen.<br \/>\n<a href=\"http:\/\/www.amazon.de\/gp\/product\/345335236X?ie=UTF8&amp;tag=juhoniautodic-21&amp;linkCode=as2&amp;camp=1638&amp;creative=6742&amp;creativeASIN=345335236X\">erh\u00e4ltlich bei Amazon.de!<\/a><\/td>\n<\/tr>\n<\/tbody>\n<\/table>\n<table width=\"100%\" align=\"center\">\n<tbody>\n<tr>\n<td><a id=\"diaet\" name=\"diaet\"><\/a><\/p>\n<h3><img loading=\"lazy\" decoding=\"async\" class=\"alignleft wp-image-171 size-medium\" src=\"https:\/\/www.juhonisch.de\/wordpress\/wp-content\/uploads\/2016\/01\/diaet-geschichten-gross-196x300.jpg\" alt=\"\" width=\"196\" height=\"300\" \/>Ich werde nie mehr auseinandergehen<\/h3>\n<p>von Margit Sch\u00f6nberger (HG)<br \/>\n2009, Diana TB Verlag<br \/>\nISBN 978-3-453-35259-9<br \/>\nJanuar 2009, 1. Auflage Taschenbuch,<br \/>\nca. 352 Seiten, broschiert<\/p>\n<p>&#8222;Querstreifen machen dick, aber wer isst schon Querstreifen? Wenn die Spiegel Trauer tragen und es der sprechenden Badezimmerwaage die Sprache verschl\u00e4gt, dann hat die Stunde der Di\u00e4t geschlagen! Fast jede(r) hat schon eine hinter sich, gerne auch gleich mehrere &#8211; denn die Hoffnung, 30 Kilo \u00fcber Nacht zu verlieren, stirbt ja bekanntlich zuletzt.<\/p>\n<p>Hier schreiben sich 18 Autorinnen und Autoren in ebenso bissigen wie b\u00f6sen Geschichten lustvoll ihren Di\u00e4tfrust von der Seele.&#8220; Originalausgabe mit 18 bisher unver\u00f6ffentlichten Geschichten von bekannten Autorinnen und Autoren.<\/td>\n<\/tr>\n<\/tbody>\n<\/table>\n<\/div>\n<p><\/p>","protected":false},"excerpt":{"rendered":"<p>Ju Honisch&#8217;s Kurzgeschichten in diversen Genres und zu diversen Themen sind in den folgenden Anthologien zu finden: Das zweite Phantastikum (2022) Met-Magie (2022) Staubkornfee trifft Ich-Maschine (2021) Das Cadvendarium (2020) Wir sind die Bunten.\u00a0 (2020) Blutige Welten (2020) Fantastisches Deutschland \u2013 Hessen (2019) Drachenm\u00e4r (2018) Die Hilfskr\u00e4fte\u00a0(2018) Bosch&#8217;s Verm\u00e4chtnis (2018) Von Fuchsgeistern und Wunderlampen (2018) FaRK Trek Episode 1\u00a0(2017) Das Dimensionstor (2017) Der gl\u00e4serne Mensch (Elstercon 2016) Funtastik (2016) Exotische Welten (2014) Wahre M\u00e4rchen 2 (2014) Dark Crime\u00a0(2013) Geheimnisvolle Bibliotheken\u00a0(2012) Geheimnisvolle Geschichten 2\u00a0(2011) Die K\u00f6che\u00a0(2010) B\u00f6se Di\u00e4t-Geschichten (2009) B\u00f6se Chef-Geschichten\u00a0(2008) &nbsp; Das zweite Phantastikum \u2013 noch mehr seltsame Erz\u00e4hlungen Hrsg. Florian Jung In diesem zweiten Band reihen sich erneut Storys aus allen phantastischen Genres aneinander. Geschichten von Gespenstern, Vampiren, Parasiten, au\u00dferirdischen Invasoren, einer teuflischen Waschmaschinen, Zeitreisenden, grauenvollen M\u00e4rchengestalten, Geister-Kontrolleuren und noch einiges mehr. Mit Geschichten von Markus Heitz, Ina Ellbracht, Andreas Gruber, Lina Thiele, Oliver Susami, Ju Honisch, Matthias Oden, Arthur Gordon Wolf, Tariq Nazar, Dominic Zauner, Heike Schrapper, Fred In und Sonja R\u00fcther Met-Magie \u2013 Der Trunk der G\u00f6tter, Barden und Bauern Hrsg.: Amandara M. Schulzke und Nadine Muriel Acabus Verlag Heilmittel und Zaubertrank: Schon vor 20.000 Jahren sollen sich Mensch und Tier an der exquisiten K\u00f6stlichkeit Met berauscht haben. Ob in Ritualen, als Bardentrunk, mystische Opfergabe und Teil festlicher Zeremonien: Met ist unverzichtbar. Die namhaften Autorinnen und Autoren dieser Sammlung lie\u00dfen, wie einst die nordischen Skalden, ihre Phantasie durch Met befl\u00fcgeln. In f\u00fcnfzehn Erz\u00e4hlungen preisen sie den fruchtigen, s\u00fc\u00dfen oder herben G\u00f6ttertrunk in all seinen Varianten. Folgt ihnen \u00fcber die Blaubeerbr\u00fccke, \u00fcber den gro\u00dfen Teich und durch die Zeiten. Seid dabei, wenn Met heilt, Menschen rettet oder hei\u00df umk\u00e4mpft wird, und findet mit ihm die Liebe und die Magie des Augenblicks. Mit Texten von Tommy Krappweis, Sandra Melli alias Iny Lorentz, Ju Honisch, Mira Valentin, Sam Feuerbach und vielen anderen. Staubkornfee trifft Ich-Maschine Hrsg.: Sabine Frambach &amp; Kai Focke Verlag p.machinery 55 fantastische K\u00fcrzestgeschichten aus der Phantastischen Bibliothek Wetzlar Kuscheln Roboter mit Teddyb\u00e4ren? Was ist ein Gnurk? Geht unsere Welt wirklich unter? Und wenn ja: warum? Nicht nur diese Fragen beantworten neununddrei\u00dfig Autoren in f\u00fcnfundf\u00fcnfzig fantastischen K\u00fcrzestgeschichten. Ob Science-Fiction, Mystery, Fantasy, Horror oder M\u00e4rchen: Die Anthologie begeistert Einsteiger wie Kenner der Fantastik. STAUBKORNFEE TRIFFT ICH-MASCHINE ist der Phantastischen Bibliothek Wetzlar und ihrem Gr\u00fcnder Thomas Le Blanc gewidmet. S\u00e4mtliche Erl\u00f6se aus dem Verkauf der Sammlung tragen zum Erhalt dieser wahrhaft fantastischen Institution bei. Das Cadvendarium &#8211; Neues aus der Wunderkammer Hrsg.: Stefan Cernohuby Lysandra Books Verlag Bilder halten normalerweise einen Moment fest. Einen Augenblick, eingefroren in der Zeit, unver\u00e4nderlich und f\u00fcr die Ewigkeit. Doch nicht alle Kunstwerke sind so. Manche erz\u00e4hlen Geschichten dadurch, dass sie sich ver\u00e4ndern. Sie enth\u00fcllen ihre Geheimnisse, indem sie immer mehr Verborgenes freigeben. Solche Gem\u00e4lde m\u00fcssen an einem besonderen Ort aufbewahrt werden, denn sie zu erforschen verspricht zwar neue Abenteuer, aber auch unbekannte Gefahren! Sie m\u00f6chten der Spur jener geheimnisvollen Bilder folgen? Willkommen im Cadvendarium! Mit Erz\u00e4hlungen von Gerd Scherm, Ju Honisch, Markus Cremer, Sarah Stoffers, Louise Bourbon und weiteren AutorInnen. Wir sind die Bunten. Erlebnisse auf dem Festival-Mediaval Hrsg.: Amandara M. Schulzke Verlag: Acabus ISBN 978382827633 K\u00e4mpft mit uns gegen die grauen Herren und Aluhuttr\u00e4ger! Haltet die Banner hoch f\u00fcr Jubel, Trubel, Heiterkeit! Auf dass der Goldberg in Selb an jedem zweiten Septemberwochenende erbeben m\u00f6ge! Dudels\u00e4cke, Trommeln, epische Ges\u00e4nge und feiner Harfenklang ert\u00f6nen. Kunterbunt, international und famili\u00e4r lustwandeln tausende Fans und Mitstreiter auf dem gr\u00f6\u00dften europ\u00e4ischen Mittelalterkulturfestival: dem Festival-Mediaval. Unsere Schriftkundigen trafen Zeitreisende, R\u00e4uber, feige Wikinger, Walk\u00fcren, Drachen und D\u00e4monen. Sie erz\u00e4hlen ihre Geschichten vom \u00dcberleben der Phantasie, von der Liebe des Anfangs und des Endes und von allem dazwischen. Blutige Welten Hrsg.: G\u00fcnther Kienle Verlag: Leseratten-Verlag Markus Heitkamp (Autor), Sarah K\u00f6nig (Autor), Stefan Cernohuby (Autor), Wolfgang Schroeder (Autor), Torsten Scheib (Autor), T.S. Orgel (Autor), Marina Heidrich (Autor), Thomas Williams (Autor), Nele Sickel (Autor), J\u00f6rg Fuchs Alameda (Autor), Ju Honisch (Autor), Vincent Voss (Autor), Holger Much (Illustrator) Der Band dreht die Genres Fantasy, Science-Fiction und Horror durch den Fleischwolf und schafft ungew\u00f6hnliche Cross-over-Geschichten, bringt die Leserinnen und Leser zum Kopfsch\u00fctteln, zum Schmunzeln und lasst ihnen die Haare zu Berge stehen. FaRK-Chronicles: Lost Places von Sandra Baumg\u00e4rtner &amp; Stephanie Kempin (Hrsg.) 2019, Edition Roter Drache ISBN 978-3-946425-77-9 258 Seiten Was lauert in dem lange versunkenen Schiffswrack? Lebt in der alten Villa tats\u00e4chlich keine Menschenseele mehr? Und ist man nachts in einer verfallenen Ruine m\u00f6glicherweise doch nicht allein \u2026? Lost Places sind faszinierend und gespenstisch zugleich. Manch wagemutiger Autor und manch verwegene Autorin dieser Anthologie suchten verlassene Winkel pers\u00f6nlich auf, andere lie\u00dfen wohlweislich nur ihre Fantasie auf Reisen gehen, um hinter verfallene Fassaden zu schauen. Sie alle fanden Orte, Menschen oder auch Dinge, die wahrhaftig verloren gingen. Ob vor der eigenen Haust\u00fcr, am anderen Ende der Welt oder in fremden Universen: Die FaRK-Chronicles schicken die Lesenden auf gef\u00e4hrliche Expeditionen und offenbaren die wahren Mysterien der Lost Places. Mit Geschichten von: Mara Volkers, Bernd Perplies, Tommy Krappweis, Heike Schrapper, Carsten Steenbergen, Diana Kinne, Anja Bagus, Sandra Baumg\u00e4rtner, Alessandra Re\u00df, Martin Ulmer, Fabienne Siegmund, Dennis Frey, Isa Theobald, Stephanie Kempin, Sonja R\u00fcther, Ju Honisch, Christian von Aster, Jens Gehres und einem Vorwort von Kai Meyer. Bestellbar bei Edition Roter Drache Fantastisches Deutschland &#8211; Hessen von Vanessa Kaiser, Thomas Karg und Thomas Lohwasser (Hrsg.) 2019, Ulrich Burger Verlag ISBN: 978-3-943378-43-6 Hessen \u2013 ein Bundesland, in dem M\u00e4rchen und Phantastik gleicherma\u00dfen zuhause sind. Die Gebr\u00fcder Grimm sind uns vorausgegangen in dem Bem\u00fchen, spannende und erbauliche Geschichten zu schreiben. Dieser Band zeigt, dass das M\u00e4rchenhafte immer noch in uns lebt. F\u00fcnf Geschichten von f\u00fcnf Autoren und Autorinnen: sie alle spielen in Hessen und spiegeln die wechselvolle Geschichte des Bundeslandes wider. Da sind die R\u00f6mer, die im Steinernen Meer im Odenwald etwas Unerh\u00f6rtes schaffen wollen. Da ist der begabte Sch\u00fcler eines hessischen Gymnasiums, dessen Aufmerksamkeit nicht so sehr dem Unterricht, sondern vielmehr einem geheimnisvollen Zeichen gilt. Da ist der junge, dynamische Frankfurter B\u00f6rsenmakler, dessen Schwester v\u00f6llig unwirtschaftliche Projekte plant. Da ist der Arbeitslose, dem ein ungeladener Gast in die Wohnung kommt, und da ist die G\u00f6ttin der Ubier, deren Einfluss sich durch die Zeiten fortsetzt. Geschichte ist immer auch Geschichten. Durch fast 2000 Jahre f\u00fchren die Abenteuer dieses Buches von damals bis heute, Gedankenkonstrukte die die hessische Wirklichkeit mit dem Unwirklichen, dem \u00dcbernat\u00fcrlichen zu verweben wissen. M\u00e4rchen sind nie aus dem Nichts entstanden. Irgendwann hat sie jemand erdacht. M\u00e4rchenerz\u00e4hler, Barden, Troubadoure \u2013 auch der Berufsstand ist alt. Wir, die Autorinnen und Autoren der Phantastik, sind einer uralten Tradition verpflichtet. Mit Geschichten von: Ju Honisch, Torsten Scheib, Tatjana St\u00f6ckler, Markus Kastenholz und Astrid Rauner Drachenm\u00e4r Die Anthologie aus dem Drachenzirkel Hrsg: Domink Schmeller, 2018 Drachenkriege, glitzernde Horte und kalter Verrat- die Drachen des Zirkels sammlen sich in d\u00fcsteren Kavernen und erz\u00e4hlen von ihrer grausamen Herrschaft. Anthologie mit Drachengeschichten aus der Feder der Autoren und Autorinnen, die im M\u00fcnchner Drachenzirkel Lesungen abhielten. Die Hilfskr\u00e4fte von T.S. Orgel \/ A.S. Bottlinger \/ Stefan Cernohuby (HG) 2018, Amrun Verlag ISBN 978-978-95869-354-8 298 Seiten, broschiert Der Dungeon: uralt, mit gewaltigen Ausma\u00dfen und von unz\u00e4hligen Kreaturen bev\u00f6lkert. Wer herrscht \u00fcber Dungeons? Ihre Besitzer oder Besetzer? Nein, die wahren Herren des Dungeons sind jene, die ihn am Laufen halten. Die das vergossene Blut aufwischen, die Knochen der Skelette sortieren, die Fallen reparieren und die Monster f\u00fcttern. Dieses Buch erz\u00e4hlt ihre Geschichten. Lernt sie kennen: Die Hilfskr\u00e4fte \u2013 Die wahren Herrn des Dungeons! Mit Geschichten von Christian von Aster, Stephan R. Bellem, Andrea Bottlinger. Stefan Cernohuby, Robin Gates, Christian G\u00fcnther, Ju Honisch, Tom Orgel, Stephan Orgel, Bernd Perplies, Susanne Pavlovic, Rebekka Pax, Carsten Steenbergen, Melanie Vogltanz, Christian Vogt, Judith Vogt Boschs Verm\u00e4chtnis &#8211; Geschichten aus dem Garten der L\u00fcste von Christian von Aster (HG) 2018, Edition Roter Drache ISBN 978-978-946425-40-3 440 Seiten, gebundene Ausgabe Der Garten der L\u00fcste. Eines der mysteri\u00f6sesten Bilder der Kunstgeschichte. Dunkel, sonderbar und geheimnisvoll. Im Rahmen dieser Sammlung wagen 32 Autoren zwischen Phantastik und Historie das zu bergen, was Meister Bosch wom\u00f6glich in seinem Tryptichon verborgen hat: Geschichen zwischen Schrecken und Wahrheit, Glaube und Ketzerei, die vom 15. Jahrhundert bis in die heutige Zeit reichen und dabei so verschieden sind wie das Paradies und H\u00f6lle. 32 Interpretationen abgr\u00fcndiger Kreaturen und Symbole. Geschichten, die den Leser staunen, schaudern, vielleicht gar schmunzeln, aber gewiss nicht gleichg\u00fcltig lassen. Mit Geschichten von Christoph Marzi , Dirk Bernemann, Luci van Org, Christian von Aster, Germaine Paulus, Ju Honisch, Sonja R\u00fcther, Isa Theobald, Tom Daut, Carsten Steenbergen, Norman Liebold, Michael Marrak, Astrid Mosler, David Gray, Boris Koch, Hagen Tronje Gr\u00fctzmacher, Michael Hess, Alex Jahnke, Vera Wehberg, Anja Bagus, Juliane Uhl, Michael Schwe\u00dfinger, Silke Lindenberger, Robin Gates, Sascha Leidinger, Mario Steinmetz, Christian Krumm, Daniel Ilger, Axel Hildebrand, Sandra Baumg\u00e4rtner, Diana Kinne und Sascha Dinse. Bestellbar bei Edition Roter Drache Von Fuchsgeistern und Wunderlampen Eine m\u00e4rchenhafte Anthologie Hrsg.: Christian Handel Drachenmond Verlag Autoren:\u00a0 Ava Reed, Laura Labas, Julianna Grohe, Britta Strauss, Jenny Benkau, Holly Black, Trudi Canavan, Nina Blazon, Akram El-Bahay, Corinna G\u00f6tte, Brigitte Melzer, Ju Honisch, Boris Koch, Krystyna Kuhn, Janna Ruth, Carsten Steenbergen, Christian Handel Drei W\u00fcnsche erf\u00fcllt ein Dschinn. Drei Pr\u00fcfungen m\u00fcssen Helden in M\u00e4rchen bestehen. Zum dritten Mal laden wir euch ein in das magische Reich der Hexen und Lampengeister. Durch klirrendkalte Wintern\u00e4chte wirbeln Schneefrauen, auf Sommerweiden treiben Windsbr\u00e4ute ihr gef\u00e4hrliches Spiel und tief unter dem Meeresspiegel verbergen sich ganze K\u00f6nigreiche. Taucht ein in schillernde Welten voller Wunder und magischer Gefahren. FaRK Trek Episode I &#8211;\u00a0 Das Erwachen der Legenden von Benjamin Kiehn \/ Stephanie Kempin \/ Sandra Baumg\u00e4rtner (HG) 2017, Papierverzierer Verlag ISBN 978-3-958962-017-8 335 Seiten, gebundene Ausgabe Sommer 2017 \u2013 ein Meteor zieht \u00fcber den Nachthimmel und zerbricht in unz\u00e4hlige Splitter. Diese Splitter verteilen sich \u00fcber ganz Deutschland und setzen eine ganze Kette von Ereignissen in Gang. Verschwunden geglaubte Wesen aus Sagen und Legenden erwachen aus langem Schlaf, kehren zur\u00fcck ans Tageslicht oder tauchen pl\u00f6tzlich an den verschiedensten Orten auf. Lange haben sich diese Wesen vor den Menschen verborgen, doch die Meteoriten-Splitter locken sie aus ihren Verstecken. Zudem versp\u00fcrt jedes Wesen, das mit einem dieser Splitter in Ber\u00fchrung kommt, den unwiderstehlichen Ruf, dem es folgen muss, ob es will oder nicht. W\u00e4hrenddessen sind am Erlebnisort Reden im Saarland die Vorbereitungen f\u00fcr die FaRK in vollem Gange. Dass wenige Wochen vor der FaRK ein gro\u00dfer Gesteinsbrocken aus dem All auf dem Gel\u00e4nde niedergeht, sorgt bereits f\u00fcr viel Aufregung. Doch niemand ahnt, dass dieser Gesteinsbrocken zahlreiche Fabelwesen und Sagengestalten zur FaRK lockt, alle mit einem Splitter des Meteors im Gep\u00e4ck und jedes einzelne mit seinem ganz eigenen Grund f\u00fcr die Reise. 22 Phantastik-Autoren beschreiben die Reise von Loreley und Wolpertinger, R\u00fcbezahl, Nachtmahr, Basilisk und vielen weiteren Gestalten der Sagenwelt. Sei dabei, wenn Legenden erwachen und zum ersten Mal seit Ewigkeiten auf Menschen treffen. Finde heraus, ob all die phantastischen Wesen am Ende das finden, wonach sie gesucht haben. Das Dimensionstor von Nadine Muriel \/ Stefan Cernohuby (HG) 2017, Amrun Verlag ISBN 978-978-95869-559-7 290 Seiten, broschiert Dem Wissenschaftler Prof. Dr. Groll gelingt es, von der \u00d6ffentlichkeit unbemerkt in seiner heimischen Garage ein Ger\u00e4t zu bauen,welches ein Dimensionsportal \u00f6ffnet. Fasziniert ergreift Max Groll einen Gegenstand nach dem anderen und schickt ihn durch das Tor, das zu fernen Orten,in andere Zeiten und sogar in phantastische fremde Welten f\u00fchrt \u2026 18 Autoren\u2013 darunter Gerd Scherm, Ju Honisch, T.S.Orgel und Vincent Voss \u2013 erz\u00e4hlen in skurrilen, abenteuerlichen und aberwitzigen Geschichten, was diese Dinge in der jeweiligen Parallelwelt ausl\u00f6sen: Als g\u00f6ttliches Artefakt verehrt, als Ausl\u00f6ser von Katastrophen gef\u00fcrchtet oder als Retter in gro\u00dfer Not willkommen \u2026 Der Leser darf gespannt sein, welche Bedeutung unscheinbare Gegenst\u00e4nde aus unserem Alltag in anderen Welten erlangen. Mit spannenden Kurzgeschichten von Gerd Scherm, T. S. Orgel, Vincent Voss, Ju Honisch, Melanie Vogltanz, Robert Friedrich von Cube, Manuela P. Forst, Thomas Heidemann, Brigitta Gronau, Marion Jaggi, G\u00fcnther Kienle, Navina Kleemann, Al Rey, Nicola Sadelkow, Juliane Schiesel, G\u00fcnther Wirtz. Herausgegeben von Nadine Muriel und Stefan Cernohuby. Der gl\u00e4serne Mensch Die Anthologie zum ElsterCon 2016 Hrsg: Freundeskreis Science Fiction Leipzig e.V. Geschichten \u00fcber ein immer komplexer werdende Gesellschaft, in der Menschen Entscheidungen zunehmend an Maschinen \u00fcbertragen. In diesem Buch finden sich ein paar Gedanken zu den Folgen. &nbsp; Funtastik: Funtastische Kurzgeschichten von Marc Hamacher&#8230;<\/p>\n","protected":false},"author":1,"featured_media":0,"parent":43,"menu_order":0,"comment_status":"closed","ping_status":"closed","template":"","meta":{"sfsi_plus_gutenberg_text_before_share":"","sfsi_plus_gutenberg_show_text_before_share":"","sfsi_plus_gutenberg_icon_type":"","sfsi_plus_gutenberg_icon_alignemt":"","sfsi_plus_gutenburg_max_per_row":"","footnotes":""},"class_list":["post-943","page","type-page","status-publish","hentry"],"acf":[],"_links":{"self":[{"href":"https:\/\/www.juhonisch.de\/index.php?rest_route=\/wp\/v2\/pages\/943","targetHints":{"allow":["GET"]}}],"collection":[{"href":"https:\/\/www.juhonisch.de\/index.php?rest_route=\/wp\/v2\/pages"}],"about":[{"href":"https:\/\/www.juhonisch.de\/index.php?rest_route=\/wp\/v2\/types\/page"}],"author":[{"embeddable":true,"href":"https:\/\/www.juhonisch.de\/index.php?rest_route=\/wp\/v2\/users\/1"}],"replies":[{"embeddable":true,"href":"https:\/\/www.juhonisch.de\/index.php?rest_route=%2Fwp%2Fv2%2Fcomments&post=943"}],"version-history":[{"count":40,"href":"https:\/\/www.juhonisch.de\/index.php?rest_route=\/wp\/v2\/pages\/943\/revisions"}],"predecessor-version":[{"id":1432,"href":"https:\/\/www.juhonisch.de\/index.php?rest_route=\/wp\/v2\/pages\/943\/revisions\/1432"}],"up":[{"embeddable":true,"href":"https:\/\/www.juhonisch.de\/index.php?rest_route=\/wp\/v2\/pages\/43"}],"wp:attachment":[{"href":"https:\/\/www.juhonisch.de\/index.php?rest_route=%2Fwp%2Fv2%2Fmedia&parent=943"}],"curies":[{"name":"wp","href":"https:\/\/api.w.org\/{rel}","templated":true}]}}