{"id":72,"date":"2015-08-05T23:08:06","date_gmt":"2015-08-05T21:08:06","guid":{"rendered":"http:\/\/www.juhonisch.de\/wordpress\/?page_id=72"},"modified":"2022-09-28T10:50:48","modified_gmt":"2022-09-28T08:50:48","slug":"artikel-und-interviews","status":"publish","type":"page","link":"https:\/\/www.juhonisch.de\/?page_id=72","title":{"rendered":"Interviews &#038; Media"},"content":{"rendered":"<p><\/p>\n<table width=\"90%\">\n<tbody>\n<tr>\n<td valign=\"top\" width=\"45%\"><b>INTERVIEWS<\/b><\/td>\n<td valign=\"top\" width=\"45%\"><b>VIDEO &amp; AUDIO<\/b><\/td>\n<\/tr>\n<\/tbody>\n<\/table>\n<table width=\"90%\">\n<tbody>\n<tr>\n<td align=\"top\" width=\"90%\">Hier findet Ihr \u00e4ltere Interviews und Videos in r\u00fcckw\u00e4rtig chronologischer Reihenfolge. <b>F\u00fcr neuere Updates: Folgt Ju auf ihrer <a href=\"https:\/\/www.facebook.com\/profile.php?id=100063894460394\">Facebook-Seite<\/a>!<\/b><\/td>\n<\/tr>\n<\/tbody>\n<\/table>\n<table width=\"90%\">\n<tbody>\n<tr>\n<td valign=\"top\" width=\"45%\">18.07.2017 &#8211;\u00a0<a href=\"http:\/\/tanja-karmann.de\/7-fragen-an-ju-honisch\/\" target=\"_blank\" rel=\"noopener noreferrer\">Interview von Tanja Karmann<\/a><\/p>\n<p style=\"text-align: center;\"><b>~~~<\/b><\/p>\n<p>20.12.2016 &#8211;\u00a0<a href=\"http:\/\/fantasywoche.de\/ju-honisch-preisgekroente-phantastik\/\" target=\"_blank\" rel=\"noopener\">Interview f\u00fcr &#8222;Fantasywoche&#8220;<\/a><\/p>\n<p style=\"text-align: center;\"><b>~~~<\/b><\/p>\n<p>03.08.2016 &#8211;\u00a0<a href=\"http:\/\/www.mystorys.de\/autoren_hilfe\/142-Das-sagt-Ju-Honisch.htm\" target=\"_blank\" rel=\"noopener noreferrer\">Interview von Philipp Bobrowski f\u00fcr &#8222;mySTORYs&#8220;<\/a><\/p>\n<p style=\"text-align: center;\"><b>~~~<\/b><\/p>\n<p>01.08.2016 &#8211;\u00a0<a href=\"https:\/\/fantasyblogger.wordpress.com\/2016\/08\/01\/ju-honisch-gewaehrt-einblicke-der-etwas-andere-werkstattbericht\/\" target=\"_blank\" rel=\"noopener noreferrer\">Interview f\u00fcr &#8222;Fantasy Weblog&#8220;<\/a><\/p>\n<p style=\"text-align: center;\"><b>~~~<\/b><\/p>\n<p>21.07.2016 &#8211;\u00a0<a href=\"http:\/\/www.papiergefluester.com\/interview-mit-ju-honisch-zweite-chance-fuer-die-quellen-der-malicorn-als-ebook-only\/\" target=\"_blank\" rel=\"noopener noreferrer\">Interview von Simone Dalbert f\u00fcr &#8222;Papiergefl\u00fcster&#8220;<\/a><\/p>\n<p style=\"text-align: center;\"><b>~~~<\/b><\/p>\n<p>18.07.2016 &#8211;\u00a0<a href=\"http:\/\/www.fantasy-news.com\/2016\/07\/17\/interview-mit-ju-honischzu-die-quellen-der-malicorn\/\" target=\"_blank\" rel=\"noopener noreferrer\">Interview von Christian Handel f\u00fcr &#8222;Darkstars Fantasy News&#8220;<\/a><\/p>\n<p style=\"text-align: center;\"><b>~~~<\/b><\/p>\n<p>15.02.2016 &#8211;\u00a0<a href=\"http:\/\/www.literatopia.de\/index.php?option=com_content&amp;view=article&amp;id=23141%3Aju-honisch-15-02-2016&amp;catid=48&amp;Itemid=138\" target=\"_blank\" rel=\"noopener noreferrer\">Interview von Judith f\u00fcr &#8222;Literatopia&#8220;<\/a><\/p>\n<p style=\"text-align: center;\"><b>~~~<\/b><\/p>\n<p>28. Januar 2016 &#8211;\u00a0 <a href=\"https:\/\/www.fantastische-buecherwelt.de\/?p=10427\" target=\"_blank\" rel=\"noopener noreferrer\">Gastblog bei &#8222;Fantastische B\u00fccherwelt&#8220;<\/a><\/p>\n<p style=\"text-align: center;\"><b>~~~<\/b><\/p>\n<p>12. Januar 2016 &#8211;\u00a0<a href=\"http:\/\/verlorene-werke.blogspot.de\/2016\/01\/autorenplausch-ju-honisch-bisse.html\" target=\"_blank\" rel=\"noopener noreferrer\">Autorenplausch bei &#8222;Verlorene Werke&#8220;<\/a><\/p>\n<p style=\"text-align: center;\"><b>~~~<\/b><\/p>\n<p>Podcast mit Andrea Diener &#8211; 10. Juni 2015<\/p>\n<p><a href=\"http:\/\/tsundoku-podcast.de\/tsu006-rassistische-einhoerner-ohne-glitzer\" target=\"_blank\" rel=\"noopener noreferrer\">Interview \/ Podcast von Andrea Diener<\/a><\/p>\n<p style=\"text-align: center;\"><b>~~~<\/b><\/p>\n<p>12. Februar 2014 &#8211;\u00a0<a href=\"http:\/\/www.andreas-dresen.de\/wordpress\/?p=1298\" target=\"top\" rel=\"noopener\">Interview von Andreas Dresen<\/a><\/p>\n<p style=\"text-align: center;\"><b>~~~<\/b><\/p>\n<p>06. Januar 2014 &#8211;\u00a0<a href=\"https:\/\/phantanews.de\/wp\/aartikel\/ju-honisch-woelfe-werwoelfe-und-schwingen-aus-stein-begegnungen-im-wilden-wald\/\" target=\"_blank\" rel=\"noopener noreferrer\">Gastblog bei Stefan Holzhauers &#8222;PhantaNews&#8220;<\/a><\/p>\n<p style=\"text-align: center;\"><b>~~~<\/b><\/p>\n<p>25. Dezember 2013 &#8211;\u00a0<a href=\"http:\/\/www.fantasy-news.com\/2013\/12\/25\/interview-mit-ju-honischnicht-nur-zu-schwingen-aus-stein\/\" target=\"_blank\" rel=\"noopener noreferrer\">Interview von Maren Bonacker f\u00fcr &#8222;Darkstars Fantasy News&#8220;<\/a><\/p>\n<p style=\"text-align: center;\"><b>~~~<\/b><\/p>\n<p>23. September 2013 &#8211;<br \/>\n<a href=\"http:\/\/bibliofantastica.wordpress.com\/2013\/09\/22\/aus-dem-nahkastchen-ju-honisch-zu-die-quellen-der-malicorn-schwingen-aus-stein-covergestaltung\/\" target=\"top\" rel=\"noopener\">Blogtour 2013 &#8211; Besuch bei Melanie Kleines &#8222;Biblio Fantastica&#8220;<\/a><\/p>\n<p style=\"text-align: center;\"><b>~~~<\/b><\/p>\n<p>19. September 2013 &#8211; <a href=\"http:\/\/phantanews.de\/wp\/aartikel\/das-einhorn-als-unterdruecker-die-quellen-der-malicorn\/\" target=\"top\" rel=\"noopener\">Blogtour 2013 &#8211; Besuch bei Stefan Holzhauers &#8222;PhantaNews&#8220;<\/a><\/p>\n<p style=\"text-align: center;\"><b>~~~<\/b><\/p>\n<p>12. September 2013 &#8211; <a href=\"http:\/\/www.fantasy-news.com\/2013\/09\/12\/liebe-frau-honisch-einhoerner-echt-jetztein-gastbeitrag-von-ju-honisch\/\" target=\"top\" rel=\"noopener\">Blogtour 2013 &#8211; Besuch bei Darkstars Fantasy News<\/a><\/p>\n<p style=\"text-align: center;\"><b>~~~<\/b><\/p>\n<p>Juni 2013 &#8211; <a href=\"http:\/\/leser-welt.de\/index.php?option=com_content&amp;view=article&amp;id=6979%3Ahonisch-ju-2013&amp;catid=44%3Ainterviewsmitautoren&amp;Itemid=197\" target=\"top\" rel=\"noopener\">Interview auf &#8222;Leser-Welt&#8220;<\/a><\/p>\n<p style=\"text-align: center;\"><b>~~~<\/b><\/p>\n<p>18. November 2010 &#8211;\u00a0<a href=\"https:\/\/phantanews.de\/wp\/2010\/11\/das-was-man-selbst-am-meisten-mag-macht-man-auch-am-besten-ju-honisch-im-gesprach\/\" target=\"top\" rel=\"noopener\">Interview von Stefan Holzhauer f\u00fcr PhantaNews<\/a><\/p>\n<p style=\"text-align: center;\"><b>~~~<\/b><\/p>\n<p>14. M\u00e4rz 2010 &#8211;\u00a0<a href=\"http:\/\/clockworker.de\/cw\/2010\/03\/14\/im-salongesprach-ju-honisch\/\" target=\"top\" rel=\"noopener\">Interview von Alex Jahnke f\u00fcr Clockworker<\/a><\/p>\n<p style=\"text-align: center;\"><b>~~~<\/b><\/p>\n<p>29. Januar 2010 &#8211;\u00a0<a href=\"http:\/\/www.fantasyguide.de\/9962.0.html\" target=\"top\" rel=\"noopener\">Interview von Ralf Steinberg f\u00fcr Fantasyguide.de<\/a><\/p>\n<p style=\"text-align: center;\"><b>~~~<\/b><\/p>\n<p>24. November 2009 &#8211;\u00a0<a href=\"http:\/\/www.literatopia.de\/index.php?option=com_content&amp;view=article&amp;id=2716:ju-honisch-24112009&amp;catid=48:interviews&amp;itemid=85\" target=\"top\" rel=\"noopener\">Interview von Judith Gor f\u00fcr Literatopia<\/a><\/td>\n<td valign=\"top\" width=\"45%\">Buchmesse Saar 2021 &#8211; Lesung aus Elgar Eisb\u00e4r<br \/>\n<a href=\"https:\/\/youtu.be\/AkSnRC1pdWM\">https:\/\/youtu.be\/AkSnRC1pdWM<\/a><\/p>\n<p>Eurocon 2016 &#8211; Panel &#8222;Euro Steampunk&#8220;<iframe loading=\"lazy\" src=\"https:\/\/www.youtube.com\/embed\/qyYWLY_cXpw\" width=\"500\" height=\"315\" frameborder=\"0\" allowfullscreen=\"allowfullscreen\"><\/iframe><\/p>\n<p style=\"text-align: center;\"><b>~~~<\/b><\/p>\n<p>Eurocon 2016 &#8211; Panel &#8222;Mythology into Fantasy&#8220;<\/p>\n<p><iframe loading=\"lazy\" src=\"https:\/\/www.youtube.com\/embed\/3pPoJhvRbGE\" width=\"500\" height=\"315\" frameborder=\"0\" allowfullscreen=\"allowfullscreen\"><\/iframe><\/p>\n<p style=\"text-align: center;\"><b>~~~<\/b><\/p>\n<p>Lesung aus &#8222;Jenseits des Karussells&#8220;<br \/>\n&#8211; von und mit Ju Honisch | DreieichCon 2011<\/p>\n<p><iframe loading=\"lazy\" src=\"https:\/\/www.youtube.com\/embed\/Op3hJka8IKI\" width=\"500\" height=\"315\" frameborder=\"0\" allowfullscreen=\"allowfullscreen\"><\/iframe><\/p>\n<p align=\"center\"><b>~~~<\/b><\/p>\n<p>Gespr\u00e4chsrunde mit den Autoren des DreieichCon 2011<br \/>\nEevie Demirtel, Marco Findeisen und Ju Honisch<\/p>\n<p><iframe loading=\"lazy\" src=\"https:\/\/www.youtube.com\/embed\/sIfKR8vi-zs\" width=\"500\" height=\"315\" frameborder=\"0\" allowfullscreen=\"allowfullscreen\"><\/iframe><\/p>\n<p align=\"center\"><b>~~~<\/b><\/p>\n<p>Videomitschnitt &#8211; Lesung aus &#8222;Jenseits des Karussells&#8220;<\/p>\n<p>im Rahmen der Gr\u00fcndungsversammlung der Gesellschaft f\u00fcr Fantastikforschung; Fremde Welten &#8211; Wege und R\u00e4ume der Fantastik im 21. Jahrhundert<br \/>\n<iframe loading=\"lazy\" title=\"Video: &quot;Jenseits des Karussellls&quot;\" src=\"https:\/\/lecture2go.uni-hamburg.de\/iframe\/?obj=11340\" width=\"500\" height=\"288\" frameborder=\"0\" allowfullscreen=\"allowfullscreen\" data-mce-fragment=\"1\"><\/iframe><br \/>\nzur Verf\u00fcgung gestellt von <a href=\"https:\/\/lecture2go.uni-hamburg.de\/l2go\/-\/get\/l\/3820\" target=\"top\" rel=\"noopener\">Lecture2Go \/ Universit\u00e4t Hamburg<\/a>.<\/p>\n<p align=\"center\"><b>~~~<\/b><\/p>\n<div class=\"descr\">Audio-Mitschnitt Lesung DortCon 2011<\/div>\n<p><a href=\"https:\/\/www.sf-fantasy.de\/sffantasy\/news\/newsvolltext.cfm?id_nr=503&amp;headline=Ju%20Honisch%20-%20Jenseits%20des%20Karussells\" target=\"_blank\" rel=\"noopener noreferrer\">Audio-Mitschnitt einer Lesung aus &#8222;Jenseits des Karussells&#8220; (DortCon 2011, aufgenommen von Volker Tanger)<\/a><\/p>\n<p align=\"center\"><b>~~~<\/b><\/p>\n<div class=\"descr\">Audio Mitschnitt Lesung Odyssee-Con 2009<\/div>\n<p><a href=\"https:\/\/www.sf-fantasy.de\/sffantasy\/news\/newsvolltext.cfm?id_nr=454&amp;headline=Lesung:%20Salztr%C3%A4ume,%20von%20Ju%20Honisch\" target=\"_blank\" rel=\"noopener noreferrer\">Audio-Mitschnitt einer Lesung aus &#8222;Salztr\u00e4ume&#8220; (Odyssee-Con 2009, aufgenommen von Volker Tanger)<\/a><\/p>\n<p align=\"center\"><b>~~~<\/b><\/p>\n<div class=\"descr\">Filk Radio mit Volker Tanger<\/div>\n<p><a href=\"http:\/\/www.sf-fantasy.de\/sffantasy\/news\/newsvolltext.cfm?id_nr=447\" target=\"_blank\" rel=\"noopener noreferrer\">Radio-Interview von Volker Tanger f\u00fcr Filk Radio<\/a><\/td>\n<\/tr>\n<\/tbody>\n<\/table>\n<p>&nbsp;<\/p>\n<blockquote><p>Wer die L\u00e4nge meiner B\u00fccher kennt, den wir die L\u00e4nge meiner Antworten vermutlich nicht allzu sehr schockieren.<\/p><\/blockquote>\n<p><\/p>","protected":false},"excerpt":{"rendered":"<p>INTERVIEWS VIDEO &amp; AUDIO Hier findet Ihr \u00e4ltere Interviews und Videos in r\u00fcckw\u00e4rtig chronologischer Reihenfolge. F\u00fcr neuere Updates: Folgt Ju auf ihrer Facebook-Seite! 18.07.2017 &#8211;\u00a0Interview von Tanja Karmann ~~~ 20.12.2016 &#8211;\u00a0Interview f\u00fcr &#8222;Fantasywoche&#8220; ~~~ 03.08.2016 &#8211;\u00a0Interview von Philipp Bobrowski f\u00fcr &#8222;mySTORYs&#8220; ~~~ 01.08.2016 &#8211;\u00a0Interview f\u00fcr &#8222;Fantasy Weblog&#8220; ~~~ 21.07.2016 &#8211;\u00a0Interview von Simone Dalbert f\u00fcr &#8222;Papiergefl\u00fcster&#8220; ~~~ 18.07.2016 &#8211;\u00a0Interview von Christian Handel f\u00fcr &#8222;Darkstars Fantasy News&#8220; ~~~ 15.02.2016 &#8211;\u00a0Interview von Judith f\u00fcr &#8222;Literatopia&#8220; ~~~ 28. Januar 2016 &#8211;\u00a0 Gastblog bei &#8222;Fantastische B\u00fccherwelt&#8220; ~~~ 12. Januar 2016 &#8211;\u00a0Autorenplausch bei &#8222;Verlorene Werke&#8220; ~~~ Podcast mit Andrea Diener &#8211; 10. Juni 2015 Interview \/ Podcast von Andrea Diener ~~~ 12. Februar 2014 &#8211;\u00a0Interview von Andreas Dresen ~~~ 06. Januar 2014 &#8211;\u00a0Gastblog bei Stefan Holzhauers &#8222;PhantaNews&#8220; ~~~ 25. Dezember 2013 &#8211;\u00a0Interview von Maren Bonacker f\u00fcr &#8222;Darkstars Fantasy News&#8220; ~~~ 23. September 2013 &#8211; Blogtour 2013 &#8211; Besuch bei Melanie Kleines &#8222;Biblio Fantastica&#8220; ~~~ 19. September 2013 &#8211; Blogtour 2013 &#8211; Besuch bei Stefan Holzhauers &#8222;PhantaNews&#8220; ~~~ 12. September 2013 &#8211; Blogtour 2013 &#8211; Besuch bei Darkstars Fantasy News ~~~ Juni 2013 &#8211; Interview auf &#8222;Leser-Welt&#8220; ~~~ 18. November 2010 &#8211;\u00a0Interview von Stefan Holzhauer f\u00fcr PhantaNews ~~~ 14. M\u00e4rz 2010 &#8211;\u00a0Interview von Alex Jahnke f\u00fcr Clockworker ~~~ 29. Januar 2010 &#8211;\u00a0Interview von Ralf Steinberg f\u00fcr Fantasyguide.de ~~~ 24. November 2009 &#8211;\u00a0Interview von Judith Gor f\u00fcr Literatopia Buchmesse Saar 2021 &#8211; Lesung aus Elgar Eisb\u00e4r https:\/\/youtu.be\/AkSnRC1pdWM Eurocon 2016 &#8211; Panel &#8222;Euro Steampunk&#8220; ~~~ Eurocon 2016 &#8211; Panel &#8222;Mythology into Fantasy&#8220; ~~~ Lesung aus &#8222;Jenseits des Karussells&#8220; &#8211; von und mit Ju Honisch | DreieichCon 2011 ~~~ Gespr\u00e4chsrunde mit den Autoren des DreieichCon 2011 Eevie Demirtel, Marco Findeisen und Ju Honisch ~~~ Videomitschnitt &#8211; Lesung aus &#8222;Jenseits des Karussells&#8220; im Rahmen der Gr\u00fcndungsversammlung der Gesellschaft f\u00fcr Fantastikforschung; Fremde Welten &#8211; Wege und R\u00e4ume der Fantastik im 21. Jahrhundert zur Verf\u00fcgung gestellt von Lecture2Go \/ Universit\u00e4t Hamburg. ~~~ Audio-Mitschnitt Lesung DortCon 2011 Audio-Mitschnitt einer Lesung aus &#8222;Jenseits des Karussells&#8220; (DortCon 2011, aufgenommen von Volker Tanger) ~~~ Audio Mitschnitt Lesung Odyssee-Con 2009 Audio-Mitschnitt einer Lesung aus &#8222;Salztr\u00e4ume&#8220; (Odyssee-Con 2009, aufgenommen von Volker Tanger) ~~~ Filk Radio mit Volker Tanger Radio-Interview von Volker Tanger f\u00fcr Filk Radio &nbsp; Wer die L\u00e4nge meiner B\u00fccher kennt, den wir die L\u00e4nge meiner Antworten vermutlich nicht allzu sehr schockieren.<\/p>\n","protected":false},"author":1,"featured_media":0,"parent":36,"menu_order":0,"comment_status":"open","ping_status":"closed","template":"","meta":{"sfsi_plus_gutenberg_text_before_share":"","sfsi_plus_gutenberg_show_text_before_share":"","sfsi_plus_gutenberg_icon_type":"","sfsi_plus_gutenberg_icon_alignemt":"","sfsi_plus_gutenburg_max_per_row":"","footnotes":""},"class_list":["post-72","page","type-page","status-publish","hentry"],"acf":[],"_links":{"self":[{"href":"https:\/\/www.juhonisch.de\/index.php?rest_route=\/wp\/v2\/pages\/72","targetHints":{"allow":["GET"]}}],"collection":[{"href":"https:\/\/www.juhonisch.de\/index.php?rest_route=\/wp\/v2\/pages"}],"about":[{"href":"https:\/\/www.juhonisch.de\/index.php?rest_route=\/wp\/v2\/types\/page"}],"author":[{"embeddable":true,"href":"https:\/\/www.juhonisch.de\/index.php?rest_route=\/wp\/v2\/users\/1"}],"replies":[{"embeddable":true,"href":"https:\/\/www.juhonisch.de\/index.php?rest_route=%2Fwp%2Fv2%2Fcomments&post=72"}],"version-history":[{"count":95,"href":"https:\/\/www.juhonisch.de\/index.php?rest_route=\/wp\/v2\/pages\/72\/revisions"}],"predecessor-version":[{"id":1473,"href":"https:\/\/www.juhonisch.de\/index.php?rest_route=\/wp\/v2\/pages\/72\/revisions\/1473"}],"up":[{"embeddable":true,"href":"https:\/\/www.juhonisch.de\/index.php?rest_route=\/wp\/v2\/pages\/36"}],"wp:attachment":[{"href":"https:\/\/www.juhonisch.de\/index.php?rest_route=%2Fwp%2Fv2%2Fmedia&parent=72"}],"curies":[{"name":"wp","href":"https:\/\/api.w.org\/{rel}","templated":true}]}}